{"id":4585,"date":"2025-08-16T19:24:11","date_gmt":"2025-08-16T17:24:11","guid":{"rendered":"https:\/\/www.autoescolaolivella.com\/000000\/?page_id=4585"},"modified":"2025-09-16T13:57:20","modified_gmt":"2025-09-16T11:57:20","slug":"permis-am","status":"publish","type":"page","link":"https:\/\/www.autoescolaolivella.com\/index.php\/autoescola\/carnets\/permis-am\/","title":{"rendered":"Perm\u00eds AM"},"content":{"rendered":"\t\t<div data-elementor-type=\"wp-page\" data-elementor-id=\"4585\" class=\"elementor elementor-4585\">\n\t\t\t\t<div class=\"elementor-element elementor-element-6af80562 service-details e-flex e-con-boxed e-con e-parent\" data-id=\"6af80562\" data-element_type=\"container\" data-e-type=\"container\" data-settings=\"{&quot;background_background&quot;:&quot;slideshow&quot;,&quot;background_slideshow_gallery&quot;:[{&quot;id&quot;:5214,&quot;url&quot;:&quot;https:\\\/\\\/www.autoescolaolivella.com\\\/assets\\\/2025\\\/09\\\/abstract-white-background-with-wavy-shapes-flowing-and-curvy-shapes-this-asset-is-suitable-for-website-backgrounds-flyers-posters-and-digital-art-projects-free-vector.webp&quot;}],&quot;background_slideshow_loop&quot;:&quot;yes&quot;,&quot;background_slideshow_slide_duration&quot;:5000,&quot;background_slideshow_slide_transition&quot;:&quot;fade&quot;,&quot;background_slideshow_transition_duration&quot;:500}\">\n\t\t\t\t\t<div class=\"e-con-inner\">\n\t\t<div class=\"elementor-element elementor-element-7be7590c e-con-full e-flex e-con e-child\" data-id=\"7be7590c\" data-element_type=\"container\" data-e-type=\"container\">\n\t\t\t\t<div class=\"elementor-element elementor-element-4cddf1d7 elementor-widget elementor-widget-sidebar-nav\" data-id=\"4cddf1d7\" data-element_type=\"widget\" data-e-type=\"widget\" data-widget_type=\"sidebar-nav.default\">\n\t\t\t\t<div class=\"elementor-widget-container\">\n\t\t\t\t\t    <div class=\"service-sidebar__single  wow fadeInUp\" data-wow-delay='500ms'>\r\n        <h3 class=\"service-sidebar__title background-black-2\">ELS NOSTRES CARNETS<\/h3>                    <div class=\"menu-carnets-container\"><ul id=\"menu-carnets\" class=\"list-unstyled service-sidebar__nav ml-0\"><li id=\"menu-item-4820\" class=\"menu-item menu-item-type-post_type menu-item-object-page menu-item-4820\"><a href=\"https:\/\/www.autoescolaolivella.com\/index.php\/autoescola\/carnets\/autoritzacio-b96\/\">Autoritzaci\u00f3 B96<\/a><\/li>\n<li id=\"menu-item-4821\" class=\"menu-item menu-item-type-post_type menu-item-object-page menu-item-4821\"><a href=\"https:\/\/www.autoescolaolivella.com\/index.php\/autoescola\/carnets\/permis-a\/\">Perm\u00eds A<\/a><\/li>\n<li id=\"menu-item-4822\" class=\"menu-item menu-item-type-post_type menu-item-object-page menu-item-4822\"><a href=\"https:\/\/www.autoescolaolivella.com\/index.php\/autoescola\/carnets\/permis-a1\/\">Perm\u00eds A1<\/a><\/li>\n<li id=\"menu-item-4823\" class=\"menu-item menu-item-type-post_type menu-item-object-page menu-item-4823\"><a href=\"https:\/\/www.autoescolaolivella.com\/index.php\/autoescola\/carnets\/permis-a2\/\">Perm\u00eds A2<\/a><\/li>\n<li id=\"menu-item-4824\" class=\"menu-item menu-item-type-post_type menu-item-object-page menu-item-4824\"><a href=\"https:\/\/www.autoescolaolivella.com\/index.php\/autoescola\/carnets\/permis-am\/\">Perm\u00eds AM<\/a><\/li>\n<li id=\"menu-item-4825\" class=\"menu-item menu-item-type-post_type menu-item-object-page menu-item-4825\"><a href=\"https:\/\/www.autoescolaolivella.com\/index.php\/autoescola\/carnets\/permis-b\/\">Perm\u00eds B<\/a><\/li>\n<li id=\"menu-item-4826\" class=\"menu-item menu-item-type-post_type menu-item-object-page menu-item-4826\"><a href=\"https:\/\/www.autoescolaolivella.com\/index.php\/autoescola\/carnets\/permis-be\/\">Perm\u00eds B+E<\/a><\/li>\n<li id=\"menu-item-4827\" class=\"menu-item menu-item-type-post_type menu-item-object-page menu-item-4827\"><a href=\"https:\/\/www.autoescolaolivella.com\/index.php\/autoescola\/carnets\/permis-c\/\">Perm\u00eds C<\/a><\/li>\n<li id=\"menu-item-4828\" class=\"menu-item menu-item-type-post_type menu-item-object-page menu-item-4828\"><a href=\"https:\/\/www.autoescolaolivella.com\/index.php\/autoescola\/carnets\/permis-ce\/\">Perm\u00eds C+E<\/a><\/li>\n<li id=\"menu-item-4829\" class=\"menu-item menu-item-type-post_type menu-item-object-page menu-item-4829\"><a href=\"https:\/\/www.autoescolaolivella.com\/index.php\/autoescola\/carnets\/permis-d\/\">Perm\u00eds D<\/a><\/li>\n<li id=\"menu-item-4830\" class=\"menu-item menu-item-type-post_type menu-item-object-page menu-item-4830\"><a href=\"https:\/\/www.autoescolaolivella.com\/index.php\/autoescola\/carnets\/permis-lva\/\">Llic\u00e8ncia LVA<\/a><\/li>\n<\/ul><\/div>            <\/div><!-- \/.service-sidebar__single -->\r\n\t\t\t\t<\/div>\n\t\t\t\t<\/div>\n\t\t\t\t<div class=\"elementor-element elementor-element-2e4532f0 elementor-widget elementor-widget-drivschol-sidebar-call-to-action\" data-id=\"2e4532f0\" data-element_type=\"widget\" data-e-type=\"widget\" data-widget_type=\"drivschol-sidebar-call-to-action.default\">\n\t\t\t\t<div class=\"elementor-widget-container\">\n\t\t\t\t\t\r\n    <div class=\"service-sidebar__single  wow fadeInUp\" data-wow-delay='500ms'>\r\n        <div class=\"service-sidebar__contact\">\r\n            <h3 class=\"service-sidebar__contact-title\">Vols treure\u2019t el perm\u00eds AM?<\/h3>                            <div class=\"service-sidebar__contact-btn\">\r\n                    <a href=\"https:\/\/www.autoescolaolivella.com\/index.php\/contacte\/\"  class=\"drivschol-btn drivschol-btn--base2\">Contacta<\/a>\r\n                <\/div><!-- \/.service-sidebar__contact__icon -->\r\n                        <div class=\"service-sidebar__contact-image\">\r\n                <img decoding=\"async\" src=\"https:\/\/www.autoescolaolivella.com\/assets\/2023\/12\/service-m-1.png\" alt=\"service-m-1\" title=\"service-m-1\" >            <\/div>\r\n            <div class=\"service-sidebar__contact-angle\">\r\n                <svg width=\"370\" height=\"210\" viewBox=\"0 0 370 210\" fill=\"none\" xmlns=\"http:\/\/www.w3.org\/2000\/svg\">\r\n                    <path d=\"M259.647 0L0 210H370L259.647 0Z\" fill=\"#EC2526\" \/>\r\n                <\/svg>\r\n            <\/div>\r\n        <\/div><!-- \/.service-sidebar__contact -->\r\n    <\/div>\r\n\t\t\t\t<\/div>\n\t\t\t\t<\/div>\n\t\t\t\t<\/div>\n\t\t<div class=\"elementor-element elementor-element-66cd2d51 e-con-full service-details__content e-flex e-con e-child\" data-id=\"66cd2d51\" data-element_type=\"container\" data-e-type=\"container\">\n\t\t\t\t<div class=\"elementor-element elementor-element-2e48ce9b elementor-widget elementor-widget-heading\" data-id=\"2e48ce9b\" data-element_type=\"widget\" data-e-type=\"widget\" data-widget_type=\"heading.default\">\n\t\t\t\t\t<h3 class=\"elementor-heading-title elementor-size-default\">Perm\u00eds AM<\/h3>\t\t\t\t<\/div>\n\t\t\t\t<div class=\"elementor-element elementor-element-15728d89 elementor-widget elementor-widget-image\" data-id=\"15728d89\" data-element_type=\"widget\" data-e-type=\"widget\" data-widget_type=\"image.default\">\n\t\t\t\t\t\t\t\t\t\t\t\t\t\t\t<img fetchpriority=\"high\" decoding=\"async\" width=\"700\" height=\"447\" src=\"https:\/\/www.autoescolaolivella.com\/assets\/2025\/09\/motoAM-e1758026742712.jpg\" class=\"attachment-full size-full wp-image-5416\" alt=\"\" srcset=\"https:\/\/www.autoescolaolivella.com\/assets\/2025\/09\/motoAM-e1758026742712.jpg 700w, https:\/\/www.autoescolaolivella.com\/assets\/2025\/09\/motoAM-e1758026742712-220x140.jpg 220w, https:\/\/www.autoescolaolivella.com\/assets\/2025\/09\/motoAM-e1758026742712-320x204.jpg 320w, https:\/\/www.autoescolaolivella.com\/assets\/2025\/09\/motoAM-e1758026742712-570x364.jpg 570w\" sizes=\"(max-width: 700px) 100vw, 700px\" \/>\t\t\t\t\t\t\t\t\t\t\t\t\t\t\t<\/div>\n\t\t\t\t<div class=\"elementor-element elementor-element-67417fdb elementor-widget elementor-widget-text-editor\" data-id=\"67417fdb\" data-element_type=\"widget\" data-e-type=\"widget\" data-widget_type=\"text-editor.default\">\n\t\t\t\t\t\t\t\t\t<p data-start=\"164\" data-end=\"361\">Amb el perm\u00eds AM podr\u00e0s conduir <strong data-start=\"196\" data-end=\"256\">ciclomotors de dues o tres rodes i quadricicles lleugers<\/strong> amb una velocitat m\u00e0xima de 45 km\/h.<br data-start=\"293\" data-end=\"296\" \/>\u00c9s la porta d\u2019entrada al m\u00f3n de la conducci\u00f3 per als m\u00e9s joves.<\/p>\t\t\t\t\t\t\t\t<\/div>\n\t\t\t\t<div class=\"elementor-element elementor-element-7a11cfaa elementor-widget elementor-widget-heading\" data-id=\"7a11cfaa\" data-element_type=\"widget\" data-e-type=\"widget\" data-widget_type=\"heading.default\">\n\t\t\t\t\t<h3 class=\"elementor-heading-title elementor-size-default\">Qu\u00e8 necessito per obtenir el perm\u00eds AM?<\/h3>\t\t\t\t<\/div>\n\t\t\t\t<div class=\"elementor-element elementor-element-15cdedb1 elementor-widget elementor-widget-text-editor\" data-id=\"15cdedb1\" data-element_type=\"widget\" data-e-type=\"widget\" data-widget_type=\"text-editor.default\">\n\t\t\t\t\t\t\t\t\t<ul><li data-start=\"417\" data-end=\"451\"><p data-start=\"419\" data-end=\"451\">Tenir <strong data-start=\"425\" data-end=\"448\">15 anys com a m\u00ednim<\/strong>.<\/p><\/li><li data-start=\"452\" data-end=\"509\"><p data-start=\"454\" data-end=\"509\">Aprovar un <strong data-start=\"465\" data-end=\"492\">examen te\u00f2ric espec\u00edfic<\/strong> de circulaci\u00f3.<\/p><\/li><li data-start=\"510\" data-end=\"600\"><p data-start=\"512\" data-end=\"600\">Superar una <strong data-start=\"524\" data-end=\"560\">prova pr\u00e0ctica en circuit tancat<\/strong> (maniobres i control del ciclomotor).<\/p><\/li><\/ul>\t\t\t\t\t\t\t\t<\/div>\n\t\t\t\t<div class=\"elementor-element elementor-element-6c3a83ac elementor-widget elementor-widget-drivschol-icon-box\" data-id=\"6c3a83ac\" data-element_type=\"widget\" data-e-type=\"widget\" data-widget_type=\"drivschol-icon-box.default\">\n\t\t\t\t<div class=\"elementor-widget-container\">\n\t\t\t\t\t    <div class=\"service-details__single\">\r\n        <h3 class=\"service-details__title wow fadeInUp\" data-wow-delay='300ms'>\r\n            Per qu\u00e8 escollir el perm\u00eds AM amb Gestoria Olivella?        <\/h3><!-- \/.service-details__title -->\r\n        <div class=\"service-details__single-inner\">\r\n                            <div class=\"service-details__inner-item wow fadeInUp\" data-wow-delay='300ms'>\r\n                    <div class=\"item-icon\">\r\n                        <div class=\"icon\">\r\n                            <i aria-hidden=\"true\" class=\"  far fa-check-circle\"><\/i>                        <\/div>\r\n                    <\/div>\r\n                    <div class=\"item-content\">\r\n                        <h4 class=\"item__title\">\r\n                            99% d\u2019\u00e8xit en els tr\u00e0mits                        <\/h4>\r\n                        <p class=\"item__dec\"> Ens ocupem de tota la gesti\u00f3 administrativa amb la DGT.<\/p>\r\n                    <\/div>\r\n                <\/div>\r\n                            <div class=\"service-details__inner-item wow fadeInUp\" data-wow-delay='300ms'>\r\n                    <div class=\"item-icon\">\r\n                        <div class=\"icon\">\r\n                            <i aria-hidden=\"true\" class=\"  far fa-check-circle\"><\/i>                        <\/div>\r\n                    <\/div>\r\n                    <div class=\"item-content\">\r\n                        <h4 class=\"item__title\">\r\n                            Assessorament proper i clar                        <\/h4>\r\n                        <p class=\"item__dec\"> T\u2019acompanyem en tot el proc\u00e9s perqu\u00e8 sigui f\u00e0cil i r\u00e0pid.<\/p>\r\n                    <\/div>\r\n                <\/div>\r\n                    <\/div>\r\n    <\/div>\r\n\t\t\t\t<\/div>\n\t\t\t\t<\/div>\n\t\t\t\t<div class=\"elementor-element elementor-element-3e49e583 elementor-widget elementor-widget-drivschol-service-details\" data-id=\"3e49e583\" data-element_type=\"widget\" data-e-type=\"widget\" data-widget_type=\"drivschol-service-details.default\">\n\t\t\t\t<div class=\"elementor-widget-container\">\n\t\t\t\t\t\r\n\t<div class=\"service-details__single wow fadeInUp\" data-wow-delay='300ms'>\r\n\t\t<div class=\"service-details__single-inner service-details__single-inner--base\">\r\n\t\t\t<img decoding=\"async\" src=\"https:\/\/www.autoescolaolivella.com\/assets\/2025\/09\/51046.jpg\" alt=\"51046\" title=\"51046\" class=\"benefit__img\" >\t\t\t<div class=\"service-details__benefit\">\r\n\t\t\t\t<h3 class=\"service-details__title\">Beneficis del perm\u00eds AM<\/h3>\t\t\t\t<ul class=\"list-unstyled service-details__list\">\r\n\t\t\t\t\t\t\t\t\t\t\t<li>\r\n\t\t\t\t\t\t\tComen\u00e7a a conduir a partir dels 15 anys.\t\t\t\t\t\t<\/li>\r\n\t\t\t\t\t\t\t\t\t\t\t<li>\r\n\t\t\t\t\t\t\tAccedeix a ciclomotors i quadricicles lleugers de fins a 45 km\/h.\t\t\t\t\t\t<\/li>\r\n\t\t\t\t\t\t\t\t\t\t\t<li>\r\n\t\t\t\t\t\t\tPrimer pas per obtenir m\u00e9s endavant els permisos A1, A2 i A.\t\t\t\t\t\t<\/li>\r\n\t\t\t\t\t\t\t\t\t\t\t<li>\r\n\t\t\t\t\t\t\tGesti\u00f3 senzilla i sense complicacions amb el suport de professionals.\t\t\t\t\t\t<\/li>\r\n\t\t\t\t\t\t\t\t\t<\/ul><!-- \/.list-unstyled team-details__list -->\r\n\t\t\t<\/div>\r\n\t\t<\/div>\r\n\t<\/div><!-- \/.service-details__single-->\r\n\t\t\t\t<\/div>\n\t\t\t\t<\/div>\n\t\t\t\t<div class=\"elementor-element elementor-element-2dc80cd7 elementor-widget elementor-widget-drivschol-faq\" data-id=\"2dc80cd7\" data-element_type=\"widget\" data-e-type=\"widget\" data-widget_type=\"drivschol-faq.default\">\n\t\t\t\t<div class=\"elementor-widget-container\">\n\t\t\t\t\t\r\n    <div class=\"service-details__single wow fadeInUp\" data-wow-delay='300ms'>\r\n        <div class=\"faq-page__accordion drivschol-accrodion\" data-grp-name=\"drivschol-accrodion\">\r\n                            <div class=\"accrodion \">\r\n                    <div class=\"accrodion-title\">\r\n                        <h4 class=\"accrodion-title__text\">\r\n                            \ud83d\udc49 A quina edat puc treure\u2019m l\u2019AM?<span class=\"accrodion-title__icon\"><\/span>\r\n                        <\/h4>\r\n                    <\/div><!-- \/.accordian-title -->\r\n                    <div class=\"accrodion-content\">\r\n                        <div class=\"inner\">\r\n                            <p class=\"accrodion-content__text\">A partir dels 15 anys.<\/p>\r\n                        <\/div><!-- \/.accordian-content -->\r\n                    <\/div>\r\n                <\/div><!-- \/.accordian-item -->\r\n                            <div class=\"accrodion active\">\r\n                    <div class=\"accrodion-title\">\r\n                        <h4 class=\"accrodion-title__text\">\r\n                            \ud83d\udc49 Puc portar un ciclomotor amb el perm\u00eds B?<span class=\"accrodion-title__icon\"><\/span>\r\n                        <\/h4>\r\n                    <\/div><!-- \/.accordian-title -->\r\n                    <div class=\"accrodion-content\">\r\n                        <div class=\"inner\">\r\n                            <p class=\"accrodion-content__text\">S\u00ed, amb el perm\u00eds B tamb\u00e9 pots conduir ciclomotors AM.<\/p>\r\n                        <\/div><!-- \/.accordian-content -->\r\n                    <\/div>\r\n                <\/div><!-- \/.accordian-item -->\r\n                            <div class=\"accrodion \">\r\n                    <div class=\"accrodion-title\">\r\n                        <h4 class=\"accrodion-title__text\">\r\n                            \ud83d\udc49 Cal fer examen pr\u00e0ctic en vies obertes?<span class=\"accrodion-title__icon\"><\/span>\r\n                        <\/h4>\r\n                    <\/div><!-- \/.accordian-title -->\r\n                    <div class=\"accrodion-content\">\r\n                        <div class=\"inner\">\r\n                            <p class=\"accrodion-content__text\">No, nom\u00e9s examen te\u00f2ric i pr\u00e0ctica en circuit tancat.<\/p>\r\n                        <\/div><!-- \/.accordian-content -->\r\n                    <\/div>\r\n                <\/div><!-- \/.accordian-item -->\r\n                            <div class=\"accrodion \">\r\n                    <div class=\"accrodion-title\">\r\n                        <h4 class=\"accrodion-title__text\">\r\n                            \ud83d\udc49 Quina difer\u00e8ncia hi ha amb l\u2019A1?<span class=\"accrodion-title__icon\"><\/span>\r\n                        <\/h4>\r\n                    <\/div><!-- \/.accordian-title -->\r\n                    <div class=\"accrodion-content\">\r\n                        <div class=\"inner\">\r\n                            <p class=\"accrodion-content__text\">L\u2019AM \u00e9s per ciclomotors i quadricicles lleugers (fins a 45 km\/h); l\u2019A1 permet motos de fins a 125 cc i m\u00e9s pot\u00e8ncia.<\/p>\r\n                        <\/div><!-- \/.accordian-content -->\r\n                    <\/div>\r\n                <\/div><!-- \/.accordian-item -->\r\n                    <\/div>\r\n    <\/div><!-- \/.service-details__single-->\r\n\t\t\t\t<\/div>\n\t\t\t\t<\/div>\n\t\t\t\t<\/div>\n\t\t\t\t\t<\/div>\n\t\t\t\t<\/div>\n\t\t\t\t<\/div>\n\t\t","protected":false},"excerpt":{"rendered":"<p>ELS NOSTRES CARNETS Autoritzaci\u00f3 B96 Perm\u00eds A Perm\u00eds A1 Perm\u00eds A2 Perm\u00eds AM Perm\u00eds B Perm\u00eds B+E Perm\u00eds C Perm\u00eds C+E Perm\u00eds D Llic\u00e8ncia LVA Vols treure\u2019t el perm\u00eds AM? Contacta Perm\u00eds AM Amb el perm\u00eds AM podr\u00e0s conduir ciclomotors de dues o tres rodes i quadricicles lleugers amb una velocitat m\u00e0xima de 45 km\/h.\u00c9s [&hellip;]<\/p>\n","protected":false},"author":7,"featured_media":0,"parent":4583,"menu_order":0,"comment_status":"closed","ping_status":"closed","template":"elementor_header_footer","meta":{"footnotes":""},"class_list":["post-4585","page","type-page","status-publish","hentry"],"_links":{"self":[{"href":"https:\/\/www.autoescolaolivella.com\/index.php\/wp-json\/wp\/v2\/pages\/4585","targetHints":{"allow":["GET"]}}],"collection":[{"href":"https:\/\/www.autoescolaolivella.com\/index.php\/wp-json\/wp\/v2\/pages"}],"about":[{"href":"https:\/\/www.autoescolaolivella.com\/index.php\/wp-json\/wp\/v2\/types\/page"}],"author":[{"embeddable":true,"href":"https:\/\/www.autoescolaolivella.com\/index.php\/wp-json\/wp\/v2\/users\/7"}],"replies":[{"embeddable":true,"href":"https:\/\/www.autoescolaolivella.com\/index.php\/wp-json\/wp\/v2\/comments?post=4585"}],"version-history":[{"count":13,"href":"https:\/\/www.autoescolaolivella.com\/index.php\/wp-json\/wp\/v2\/pages\/4585\/revisions"}],"predecessor-version":[{"id":5421,"href":"https:\/\/www.autoescolaolivella.com\/index.php\/wp-json\/wp\/v2\/pages\/4585\/revisions\/5421"}],"up":[{"embeddable":true,"href":"https:\/\/www.autoescolaolivella.com\/index.php\/wp-json\/wp\/v2\/pages\/4583"}],"wp:attachment":[{"href":"https:\/\/www.autoescolaolivella.com\/index.php\/wp-json\/wp\/v2\/media?parent=4585"}],"curies":[{"name":"wp","href":"https:\/\/api.w.org\/{rel}","templated":true}]}}