{"id":4589,"date":"2025-08-16T19:24:39","date_gmt":"2025-08-16T17:24:39","guid":{"rendered":"https:\/\/www.autoescolaolivella.com\/000000\/?page_id=4589"},"modified":"2025-09-16T13:04:10","modified_gmt":"2025-09-16T11:04:10","slug":"permis-a2","status":"publish","type":"page","link":"https:\/\/www.autoescolaolivella.com\/index.php\/autoescola\/carnets\/permis-a2\/","title":{"rendered":"Perm\u00eds A2"},"content":{"rendered":"\t\t<div data-elementor-type=\"wp-page\" data-elementor-id=\"4589\" class=\"elementor elementor-4589\">\n\t\t\t\t<div class=\"elementor-element elementor-element-23229a40 service-details e-flex e-con-boxed e-con e-parent\" data-id=\"23229a40\" data-element_type=\"container\" data-e-type=\"container\" data-settings=\"{&quot;background_background&quot;:&quot;slideshow&quot;,&quot;background_slideshow_gallery&quot;:[{&quot;id&quot;:5214,&quot;url&quot;:&quot;https:\\\/\\\/www.autoescolaolivella.com\\\/assets\\\/2025\\\/09\\\/abstract-white-background-with-wavy-shapes-flowing-and-curvy-shapes-this-asset-is-suitable-for-website-backgrounds-flyers-posters-and-digital-art-projects-free-vector.webp&quot;}],&quot;background_slideshow_loop&quot;:&quot;yes&quot;,&quot;background_slideshow_slide_duration&quot;:5000,&quot;background_slideshow_slide_transition&quot;:&quot;fade&quot;,&quot;background_slideshow_transition_duration&quot;:500}\">\n\t\t\t\t\t<div class=\"e-con-inner\">\n\t\t<div class=\"elementor-element elementor-element-a6b74c0 e-con-full e-flex e-con e-child\" data-id=\"a6b74c0\" data-element_type=\"container\" data-e-type=\"container\">\n\t\t\t\t<div class=\"elementor-element elementor-element-77efc2f2 elementor-widget elementor-widget-sidebar-nav\" data-id=\"77efc2f2\" data-element_type=\"widget\" data-e-type=\"widget\" data-widget_type=\"sidebar-nav.default\">\n\t\t\t\t<div class=\"elementor-widget-container\">\n\t\t\t\t\t    <div class=\"service-sidebar__single  wow fadeInUp\" data-wow-delay='500ms'>\r\n        <h3 class=\"service-sidebar__title background-black-2\">ELS NOSTRES CARNETS<\/h3>                    <div class=\"menu-carnets-container\"><ul id=\"menu-carnets\" class=\"list-unstyled service-sidebar__nav ml-0\"><li id=\"menu-item-4820\" class=\"menu-item menu-item-type-post_type menu-item-object-page menu-item-4820\"><a href=\"https:\/\/www.autoescolaolivella.com\/index.php\/autoescola\/carnets\/autoritzacio-b96\/\">Autoritzaci\u00f3 B96<\/a><\/li>\n<li id=\"menu-item-4821\" class=\"menu-item menu-item-type-post_type menu-item-object-page menu-item-4821\"><a href=\"https:\/\/www.autoescolaolivella.com\/index.php\/autoescola\/carnets\/permis-a\/\">Perm\u00eds A<\/a><\/li>\n<li id=\"menu-item-4822\" class=\"menu-item menu-item-type-post_type menu-item-object-page menu-item-4822\"><a href=\"https:\/\/www.autoescolaolivella.com\/index.php\/autoescola\/carnets\/permis-a1\/\">Perm\u00eds A1<\/a><\/li>\n<li id=\"menu-item-4823\" class=\"menu-item menu-item-type-post_type menu-item-object-page menu-item-4823\"><a href=\"https:\/\/www.autoescolaolivella.com\/index.php\/autoescola\/carnets\/permis-a2\/\">Perm\u00eds A2<\/a><\/li>\n<li id=\"menu-item-4824\" class=\"menu-item menu-item-type-post_type menu-item-object-page menu-item-4824\"><a href=\"https:\/\/www.autoescolaolivella.com\/index.php\/autoescola\/carnets\/permis-am\/\">Perm\u00eds AM<\/a><\/li>\n<li id=\"menu-item-4825\" class=\"menu-item menu-item-type-post_type menu-item-object-page menu-item-4825\"><a href=\"https:\/\/www.autoescolaolivella.com\/index.php\/autoescola\/carnets\/permis-b\/\">Perm\u00eds B<\/a><\/li>\n<li id=\"menu-item-4826\" class=\"menu-item menu-item-type-post_type menu-item-object-page menu-item-4826\"><a href=\"https:\/\/www.autoescolaolivella.com\/index.php\/autoescola\/carnets\/permis-be\/\">Perm\u00eds B+E<\/a><\/li>\n<li id=\"menu-item-4827\" class=\"menu-item menu-item-type-post_type menu-item-object-page menu-item-4827\"><a href=\"https:\/\/www.autoescolaolivella.com\/index.php\/autoescola\/carnets\/permis-c\/\">Perm\u00eds C<\/a><\/li>\n<li id=\"menu-item-4828\" class=\"menu-item menu-item-type-post_type menu-item-object-page menu-item-4828\"><a href=\"https:\/\/www.autoescolaolivella.com\/index.php\/autoescola\/carnets\/permis-ce\/\">Perm\u00eds C+E<\/a><\/li>\n<li id=\"menu-item-4829\" class=\"menu-item menu-item-type-post_type menu-item-object-page menu-item-4829\"><a href=\"https:\/\/www.autoescolaolivella.com\/index.php\/autoescola\/carnets\/permis-d\/\">Perm\u00eds D<\/a><\/li>\n<li id=\"menu-item-4830\" class=\"menu-item menu-item-type-post_type menu-item-object-page menu-item-4830\"><a href=\"https:\/\/www.autoescolaolivella.com\/index.php\/autoescola\/carnets\/permis-lva\/\">Llic\u00e8ncia LVA<\/a><\/li>\n<\/ul><\/div>            <\/div><!-- \/.service-sidebar__single -->\r\n\t\t\t\t<\/div>\n\t\t\t\t<\/div>\n\t\t\t\t<div class=\"elementor-element elementor-element-3b382eb0 elementor-widget elementor-widget-drivschol-sidebar-call-to-action\" data-id=\"3b382eb0\" data-element_type=\"widget\" data-e-type=\"widget\" data-widget_type=\"drivschol-sidebar-call-to-action.default\">\n\t\t\t\t<div class=\"elementor-widget-container\">\n\t\t\t\t\t\r\n    <div class=\"service-sidebar__single  wow fadeInUp\" data-wow-delay='500ms'>\r\n        <div class=\"service-sidebar__contact\">\r\n            <h3 class=\"service-sidebar__contact-title\">Vols treure\u2019t el perm\u00eds A2?<\/h3>                            <div class=\"service-sidebar__contact-btn\">\r\n                    <a href=\"https:\/\/www.autoescolaolivella.com\/index.php\/contacte\/\"  class=\"drivschol-btn drivschol-btn--base2\">Contacta<\/a>\r\n                <\/div><!-- \/.service-sidebar__contact__icon -->\r\n                        <div class=\"service-sidebar__contact-image\">\r\n                <img decoding=\"async\" src=\"https:\/\/www.autoescolaolivella.com\/assets\/2023\/12\/service-m-1.png\" alt=\"service-m-1\" title=\"service-m-1\" >            <\/div>\r\n            <div class=\"service-sidebar__contact-angle\">\r\n                <svg width=\"370\" height=\"210\" viewBox=\"0 0 370 210\" fill=\"none\" xmlns=\"http:\/\/www.w3.org\/2000\/svg\">\r\n                    <path d=\"M259.647 0L0 210H370L259.647 0Z\" fill=\"#EC2526\" \/>\r\n                <\/svg>\r\n            <\/div>\r\n        <\/div><!-- \/.service-sidebar__contact -->\r\n    <\/div>\r\n\t\t\t\t<\/div>\n\t\t\t\t<\/div>\n\t\t\t\t<\/div>\n\t\t<div class=\"elementor-element elementor-element-d2e5b2e e-con-full service-details__content e-flex e-con e-child\" data-id=\"d2e5b2e\" data-element_type=\"container\" data-e-type=\"container\">\n\t\t\t\t<div class=\"elementor-element elementor-element-da3af21 elementor-widget elementor-widget-heading\" data-id=\"da3af21\" data-element_type=\"widget\" data-e-type=\"widget\" data-widget_type=\"heading.default\">\n\t\t\t\t\t<h3 class=\"elementor-heading-title elementor-size-default\">Perm\u00eds A2<\/h3>\t\t\t\t<\/div>\n\t\t\t\t<div class=\"elementor-element elementor-element-16891d80 elementor-widget elementor-widget-image\" data-id=\"16891d80\" data-element_type=\"widget\" data-e-type=\"widget\" data-widget_type=\"image.default\">\n\t\t\t\t\t\t\t\t\t\t\t\t\t\t\t<img fetchpriority=\"high\" decoding=\"async\" width=\"960\" height=\"626\" src=\"https:\/\/www.autoescolaolivella.com\/assets\/2025\/09\/Moto2-e1758026624805.jpg\" class=\"attachment-full size-full wp-image-5410\" alt=\"\" srcset=\"https:\/\/www.autoescolaolivella.com\/assets\/2025\/09\/Moto2-e1758026624805.jpg 960w, https:\/\/www.autoescolaolivella.com\/assets\/2025\/09\/Moto2-e1758026624805-220x143.jpg 220w, https:\/\/www.autoescolaolivella.com\/assets\/2025\/09\/Moto2-e1758026624805-320x209.jpg 320w, https:\/\/www.autoescolaolivella.com\/assets\/2025\/09\/Moto2-e1758026624805-768x501.jpg 768w, https:\/\/www.autoescolaolivella.com\/assets\/2025\/09\/Moto2-e1758026624805-570x372.jpg 570w\" sizes=\"(max-width: 960px) 100vw, 960px\" \/>\t\t\t\t\t\t\t\t\t\t\t\t\t\t\t<\/div>\n\t\t\t\t<div class=\"elementor-element elementor-element-11ee8aac elementor-widget elementor-widget-text-editor\" data-id=\"11ee8aac\" data-element_type=\"widget\" data-e-type=\"widget\" data-widget_type=\"text-editor.default\">\n\t\t\t\t\t\t\t\t\t<p data-start=\"174\" data-end=\"403\">Amb el perm\u00eds A2 podr\u00e0s conduir <strong data-start=\"206\" data-end=\"246\">motocicletes de fins a 35 kW (47 CV)<\/strong> i una relaci\u00f3 pot\u00e8ncia\/pes m\u00e0xima de <strong data-start=\"284\" data-end=\"297\">0,2 kW\/kg<\/strong>.<br data-start=\"298\" data-end=\"301\" \/>\u00c9s el pas intermedi perfecte per qui vol progressar m\u00e9s enll\u00e0 de l\u2019A1 i acabar accedint al perm\u00eds A.<\/p>\t\t\t\t\t\t\t\t<\/div>\n\t\t\t\t<div class=\"elementor-element elementor-element-5a47ce03 elementor-widget elementor-widget-heading\" data-id=\"5a47ce03\" data-element_type=\"widget\" data-e-type=\"widget\" data-widget_type=\"heading.default\">\n\t\t\t\t\t<h3 class=\"elementor-heading-title elementor-size-default\">Qu\u00e8 necessito per obtenir el perm\u00eds A2?<\/h3>\t\t\t\t<\/div>\n\t\t\t\t<div class=\"elementor-element elementor-element-3691e985 elementor-widget elementor-widget-text-editor\" data-id=\"3691e985\" data-element_type=\"widget\" data-e-type=\"widget\" data-widget_type=\"text-editor.default\">\n\t\t\t\t\t\t\t\t\t<ul><li data-start=\"459\" data-end=\"493\"><p data-start=\"461\" data-end=\"493\">Tenir <strong data-start=\"467\" data-end=\"490\">18 anys com a m\u00ednim<\/strong>.<\/p><\/li><li data-start=\"494\" data-end=\"570\"><p data-start=\"496\" data-end=\"570\">Aprovar un <strong data-start=\"507\" data-end=\"542\">examen te\u00f2ric espec\u00edfic de moto<\/strong> (si no tens l\u2019A1).<\/p><\/li><li data-start=\"571\" data-end=\"651\"><p data-start=\"573\" data-end=\"651\">Fer i superar un <strong data-start=\"590\" data-end=\"626\">examen pr\u00e0ctic en circuit tancat<\/strong> (maniobres i control).<\/p><\/li><li data-start=\"652\" data-end=\"737\"><p data-start=\"654\" data-end=\"737\">Fer i superar un <strong data-start=\"671\" data-end=\"705\">examen pr\u00e0ctic en vies obertes<\/strong> (conducci\u00f3 amb tr\u00e0nsit real).<\/p><\/li><\/ul>\t\t\t\t\t\t\t\t<\/div>\n\t\t\t\t<div class=\"elementor-element elementor-element-2479a13d elementor-widget elementor-widget-drivschol-icon-box\" data-id=\"2479a13d\" data-element_type=\"widget\" data-e-type=\"widget\" data-widget_type=\"drivschol-icon-box.default\">\n\t\t\t\t<div class=\"elementor-widget-container\">\n\t\t\t\t\t    <div class=\"service-details__single\">\r\n        <h3 class=\"service-details__title wow fadeInUp\" data-wow-delay='300ms'>\r\n            Per qu\u00e8 escollir el perm\u00eds A2 amb l'Autoescola Olivella?        <\/h3><!-- \/.service-details__title -->\r\n        <div class=\"service-details__single-inner\">\r\n                            <div class=\"service-details__inner-item wow fadeInUp\" data-wow-delay='300ms'>\r\n                    <div class=\"item-icon\">\r\n                        <div class=\"icon\">\r\n                            <i aria-hidden=\"true\" class=\"  far fa-check-circle\"><\/i>                        <\/div>\r\n                    <\/div>\r\n                    <div class=\"item-content\">\r\n                        <h4 class=\"item__title\">\r\n                            99% d\u2019\u00e8xit en els tr\u00e0mits                        <\/h4>\r\n                        <p class=\"item__dec\"> Ens encarreguem de tota la gesti\u00f3 administrativa amb la DGT.<\/p>\r\n                    <\/div>\r\n                <\/div>\r\n                            <div class=\"service-details__inner-item wow fadeInUp\" data-wow-delay='300ms'>\r\n                    <div class=\"item-icon\">\r\n                        <div class=\"icon\">\r\n                            <i aria-hidden=\"true\" class=\"  far fa-check-circle\"><\/i>                        <\/div>\r\n                    <\/div>\r\n                    <div class=\"item-content\">\r\n                        <h4 class=\"item__title\">\r\n                            Assessorament proper i clar                        <\/h4>\r\n                        <p class=\"item__dec\"> T\u2019acompanyem pas a pas perqu\u00e8 aconsegueixis el teu perm\u00eds sense complicacions.<\/p>\r\n                    <\/div>\r\n                <\/div>\r\n                    <\/div>\r\n    <\/div>\r\n\t\t\t\t<\/div>\n\t\t\t\t<\/div>\n\t\t\t\t<div class=\"elementor-element elementor-element-6fa36aa7 elementor-widget elementor-widget-drivschol-service-details\" data-id=\"6fa36aa7\" data-element_type=\"widget\" data-e-type=\"widget\" data-widget_type=\"drivschol-service-details.default\">\n\t\t\t\t<div class=\"elementor-widget-container\">\n\t\t\t\t\t\r\n\t<div class=\"service-details__single wow fadeInUp\" data-wow-delay='300ms'>\r\n\t\t<div class=\"service-details__single-inner service-details__single-inner--base\">\r\n\t\t\t<img decoding=\"async\" src=\"https:\/\/www.autoescolaolivella.com\/assets\/2025\/09\/MotoA2conjunt.jpg\" alt=\"MotoA2(conjunt)\" title=\"MotoA2(conjunt)\" class=\"benefit__img\" >\t\t\t<div class=\"service-details__benefit\">\r\n\t\t\t\t<h3 class=\"service-details__title\">Beneficis del perm\u00eds A2<\/h3>\t\t\t\t<ul class=\"list-unstyled service-details__list\">\r\n\t\t\t\t\t\t\t\t\t\t\t<li>\r\n\t\t\t\t\t\t\tConducci\u00f3 de motocicletes de fins a 35 kW (47 CV).\t\t\t\t\t\t<\/li>\r\n\t\t\t\t\t\t\t\t\t\t\t<li>\r\n\t\t\t\t\t\t\tIdeal per a conductors que volen fer el salt a cilindrades m\u00e9s grans.\t\t\t\t\t\t<\/li>\r\n\t\t\t\t\t\t\t\t\t\t\t<li>\r\n\t\t\t\t\t\t\tPossibilitat d\u2019accedir al perm\u00eds A despr\u00e9s de 2 anys amb l\u2019A2.\t\t\t\t\t\t<\/li>\r\n\t\t\t\t\t\t\t\t\t\t\t<li>\r\n\t\t\t\t\t\t\tPerfecte equilibri entre seguretat i pot\u00e8ncia per seguir creixent com a motorista.\t\t\t\t\t\t<\/li>\r\n\t\t\t\t\t\t\t\t\t\t\t<li>\r\n\t\t\t\t\t\t\tT\u2019ajudem amb tota la documentaci\u00f3 i tr\u00e0mits necessaris.\t\t\t\t\t\t<\/li>\r\n\t\t\t\t\t\t\t\t\t<\/ul><!-- \/.list-unstyled team-details__list -->\r\n\t\t\t<\/div>\r\n\t\t<\/div>\r\n\t<\/div><!-- \/.service-details__single-->\r\n\t\t\t\t<\/div>\n\t\t\t\t<\/div>\n\t\t\t\t<div class=\"elementor-element elementor-element-3eca312a elementor-widget elementor-widget-drivschol-faq\" data-id=\"3eca312a\" data-element_type=\"widget\" data-e-type=\"widget\" data-widget_type=\"drivschol-faq.default\">\n\t\t\t\t<div class=\"elementor-widget-container\">\n\t\t\t\t\t\r\n    <div class=\"service-details__single wow fadeInUp\" data-wow-delay='300ms'>\r\n        <div class=\"faq-page__accordion drivschol-accrodion\" data-grp-name=\"drivschol-accrodion\">\r\n                            <div class=\"accrodion \">\r\n                    <div class=\"accrodion-title\">\r\n                        <h4 class=\"accrodion-title__text\">\r\n                            \ud83d\udc49 A quina edat puc treure\u2019m l\u2019A2?<span class=\"accrodion-title__icon\"><\/span>\r\n                        <\/h4>\r\n                    <\/div><!-- \/.accordian-title -->\r\n                    <div class=\"accrodion-content\">\r\n                        <div class=\"inner\">\r\n                            <p class=\"accrodion-content__text\">A partir dels 18 anys.<\/p>\r\n                        <\/div><!-- \/.accordian-content -->\r\n                    <\/div>\r\n                <\/div><!-- \/.accordian-item -->\r\n                            <div class=\"accrodion active\">\r\n                    <div class=\"accrodion-title\">\r\n                        <h4 class=\"accrodion-title__text\">\r\n                            \ud83d\udc49 Necessito examen te\u00f2ric si ja tinc l\u2019A1?<span class=\"accrodion-title__icon\"><\/span>\r\n                        <\/h4>\r\n                    <\/div><!-- \/.accordian-title -->\r\n                    <div class=\"accrodion-content\">\r\n                        <div class=\"inner\">\r\n                            <p class=\"accrodion-content__text\">Si tens l\u2019A1, no cal fer el te\u00f2ric espec\u00edfic de moto, nom\u00e9s les proves pr\u00e0ctiques.<\/p>\r\n                        <\/div><!-- \/.accordian-content -->\r\n                    <\/div>\r\n                <\/div><!-- \/.accordian-item -->\r\n                            <div class=\"accrodion \">\r\n                    <div class=\"accrodion-title\">\r\n                        <h4 class=\"accrodion-title__text\">\r\n                            \ud83d\udc49 Puc conduir qualsevol moto amb l\u2019A2?<span class=\"accrodion-title__icon\"><\/span>\r\n                        <\/h4>\r\n                    <\/div><!-- \/.accordian-title -->\r\n                    <div class=\"accrodion-content\">\r\n                        <div class=\"inner\">\r\n                            <p class=\"accrodion-content__text\">No, nom\u00e9s fins a 35 kW (47 CV) i amb una relaci\u00f3 pot\u00e8ncia\/pes \u2264 0,2 kW\/kg.<\/p>\r\n                        <\/div><!-- \/.accordian-content -->\r\n                    <\/div>\r\n                <\/div><!-- \/.accordian-item -->\r\n                            <div class=\"accrodion \">\r\n                    <div class=\"accrodion-title\">\r\n                        <h4 class=\"accrodion-title__text\">\r\n                            \ud83d\udc49 Quan puc passar al perm\u00eds A?<span class=\"accrodion-title__icon\"><\/span>\r\n                        <\/h4>\r\n                    <\/div><!-- \/.accordian-title -->\r\n                    <div class=\"accrodion-content\">\r\n                        <div class=\"inner\">\r\n                            <p class=\"accrodion-content__text\">Despr\u00e9s de 2 anys amb l\u2019A2, a partir dels 20 anys, pots obtenir el perm\u00eds A.<\/p>\r\n                        <\/div><!-- \/.accordian-content -->\r\n                    <\/div>\r\n                <\/div><!-- \/.accordian-item -->\r\n                    <\/div>\r\n    <\/div><!-- \/.service-details__single-->\r\n\t\t\t\t<\/div>\n\t\t\t\t<\/div>\n\t\t\t\t<\/div>\n\t\t\t\t\t<\/div>\n\t\t\t\t<\/div>\n\t\t\t\t<\/div>\n\t\t","protected":false},"excerpt":{"rendered":"<p>ELS NOSTRES CARNETS Autoritzaci\u00f3 B96 Perm\u00eds A Perm\u00eds A1 Perm\u00eds A2 Perm\u00eds AM Perm\u00eds B Perm\u00eds B+E Perm\u00eds C Perm\u00eds C+E Perm\u00eds D Llic\u00e8ncia LVA Vols treure\u2019t el perm\u00eds A2? Contacta Perm\u00eds A2 Amb el perm\u00eds A2 podr\u00e0s conduir motocicletes de fins a 35 kW (47 CV) i una relaci\u00f3 pot\u00e8ncia\/pes m\u00e0xima de 0,2 kW\/kg.\u00c9s [&hellip;]<\/p>\n","protected":false},"author":7,"featured_media":0,"parent":4583,"menu_order":0,"comment_status":"closed","ping_status":"closed","template":"elementor_header_footer","meta":{"footnotes":""},"class_list":["post-4589","page","type-page","status-publish","hentry"],"_links":{"self":[{"href":"https:\/\/www.autoescolaolivella.com\/index.php\/wp-json\/wp\/v2\/pages\/4589","targetHints":{"allow":["GET"]}}],"collection":[{"href":"https:\/\/www.autoescolaolivella.com\/index.php\/wp-json\/wp\/v2\/pages"}],"about":[{"href":"https:\/\/www.autoescolaolivella.com\/index.php\/wp-json\/wp\/v2\/types\/page"}],"author":[{"embeddable":true,"href":"https:\/\/www.autoescolaolivella.com\/index.php\/wp-json\/wp\/v2\/users\/7"}],"replies":[{"embeddable":true,"href":"https:\/\/www.autoescolaolivella.com\/index.php\/wp-json\/wp\/v2\/comments?post=4589"}],"version-history":[{"count":19,"href":"https:\/\/www.autoescolaolivella.com\/index.php\/wp-json\/wp\/v2\/pages\/4589\/revisions"}],"predecessor-version":[{"id":5415,"href":"https:\/\/www.autoescolaolivella.com\/index.php\/wp-json\/wp\/v2\/pages\/4589\/revisions\/5415"}],"up":[{"embeddable":true,"href":"https:\/\/www.autoescolaolivella.com\/index.php\/wp-json\/wp\/v2\/pages\/4583"}],"wp:attachment":[{"href":"https:\/\/www.autoescolaolivella.com\/index.php\/wp-json\/wp\/v2\/media?parent=4589"}],"curies":[{"name":"wp","href":"https:\/\/api.w.org\/{rel}","templated":true}]}}