{"id":4605,"date":"2025-08-16T19:26:54","date_gmt":"2025-08-16T17:26:54","guid":{"rendered":"https:\/\/www.autoescolaolivella.com\/000000\/?page_id=4605"},"modified":"2025-09-16T14:19:01","modified_gmt":"2025-09-16T12:19:01","slug":"permis-ce","status":"publish","type":"page","link":"https:\/\/www.autoescolaolivella.com\/index.php\/autoescola\/carnets\/permis-ce\/","title":{"rendered":"Perm\u00eds C+E"},"content":{"rendered":"\t\t<div data-elementor-type=\"wp-page\" data-elementor-id=\"4605\" class=\"elementor elementor-4605\">\n\t\t\t\t<div class=\"elementor-element elementor-element-2bbc4222 service-details e-flex e-con-boxed e-con e-parent\" data-id=\"2bbc4222\" data-element_type=\"container\" data-e-type=\"container\" data-settings=\"{&quot;background_background&quot;:&quot;slideshow&quot;,&quot;background_slideshow_gallery&quot;:[{&quot;id&quot;:5214,&quot;url&quot;:&quot;https:\\\/\\\/www.autoescolaolivella.com\\\/assets\\\/2025\\\/09\\\/abstract-white-background-with-wavy-shapes-flowing-and-curvy-shapes-this-asset-is-suitable-for-website-backgrounds-flyers-posters-and-digital-art-projects-free-vector.webp&quot;}],&quot;background_slideshow_loop&quot;:&quot;yes&quot;,&quot;background_slideshow_slide_duration&quot;:5000,&quot;background_slideshow_slide_transition&quot;:&quot;fade&quot;,&quot;background_slideshow_transition_duration&quot;:500}\">\n\t\t\t\t\t<div class=\"e-con-inner\">\n\t\t<div class=\"elementor-element elementor-element-7fbe4407 e-con-full e-flex e-con e-child\" data-id=\"7fbe4407\" data-element_type=\"container\" data-e-type=\"container\">\n\t\t\t\t<div class=\"elementor-element elementor-element-198f81bb elementor-widget elementor-widget-sidebar-nav\" data-id=\"198f81bb\" data-element_type=\"widget\" data-e-type=\"widget\" data-widget_type=\"sidebar-nav.default\">\n\t\t\t\t<div class=\"elementor-widget-container\">\n\t\t\t\t\t    <div class=\"service-sidebar__single  wow fadeInUp\" data-wow-delay='500ms'>\r\n        <h3 class=\"service-sidebar__title background-black-2\">TOTS ELS NOSTRES CARNETS<\/h3>                    <div class=\"menu-carnets-container\"><ul id=\"menu-carnets\" class=\"list-unstyled service-sidebar__nav ml-0\"><li id=\"menu-item-4820\" class=\"menu-item menu-item-type-post_type menu-item-object-page menu-item-4820\"><a href=\"https:\/\/www.autoescolaolivella.com\/index.php\/autoescola\/carnets\/autoritzacio-b96\/\">Autoritzaci\u00f3 B96<\/a><\/li>\n<li id=\"menu-item-4821\" class=\"menu-item menu-item-type-post_type menu-item-object-page menu-item-4821\"><a href=\"https:\/\/www.autoescolaolivella.com\/index.php\/autoescola\/carnets\/permis-a\/\">Perm\u00eds A<\/a><\/li>\n<li id=\"menu-item-4822\" class=\"menu-item menu-item-type-post_type menu-item-object-page menu-item-4822\"><a href=\"https:\/\/www.autoescolaolivella.com\/index.php\/autoescola\/carnets\/permis-a1\/\">Perm\u00eds A1<\/a><\/li>\n<li id=\"menu-item-4823\" class=\"menu-item menu-item-type-post_type menu-item-object-page menu-item-4823\"><a href=\"https:\/\/www.autoescolaolivella.com\/index.php\/autoescola\/carnets\/permis-a2\/\">Perm\u00eds A2<\/a><\/li>\n<li id=\"menu-item-4824\" class=\"menu-item menu-item-type-post_type menu-item-object-page menu-item-4824\"><a href=\"https:\/\/www.autoescolaolivella.com\/index.php\/autoescola\/carnets\/permis-am\/\">Perm\u00eds AM<\/a><\/li>\n<li id=\"menu-item-4825\" class=\"menu-item menu-item-type-post_type menu-item-object-page menu-item-4825\"><a href=\"https:\/\/www.autoescolaolivella.com\/index.php\/autoescola\/carnets\/permis-b\/\">Perm\u00eds B<\/a><\/li>\n<li id=\"menu-item-4826\" class=\"menu-item menu-item-type-post_type menu-item-object-page menu-item-4826\"><a href=\"https:\/\/www.autoescolaolivella.com\/index.php\/autoescola\/carnets\/permis-be\/\">Perm\u00eds B+E<\/a><\/li>\n<li id=\"menu-item-4827\" class=\"menu-item menu-item-type-post_type menu-item-object-page menu-item-4827\"><a href=\"https:\/\/www.autoescolaolivella.com\/index.php\/autoescola\/carnets\/permis-c\/\">Perm\u00eds C<\/a><\/li>\n<li id=\"menu-item-4828\" class=\"menu-item menu-item-type-post_type menu-item-object-page menu-item-4828\"><a href=\"https:\/\/www.autoescolaolivella.com\/index.php\/autoescola\/carnets\/permis-ce\/\">Perm\u00eds C+E<\/a><\/li>\n<li id=\"menu-item-4829\" class=\"menu-item menu-item-type-post_type menu-item-object-page menu-item-4829\"><a href=\"https:\/\/www.autoescolaolivella.com\/index.php\/autoescola\/carnets\/permis-d\/\">Perm\u00eds D<\/a><\/li>\n<li id=\"menu-item-4830\" class=\"menu-item menu-item-type-post_type menu-item-object-page menu-item-4830\"><a href=\"https:\/\/www.autoescolaolivella.com\/index.php\/autoescola\/carnets\/permis-lva\/\">Llic\u00e8ncia LVA<\/a><\/li>\n<\/ul><\/div>            <\/div><!-- \/.service-sidebar__single -->\r\n\t\t\t\t<\/div>\n\t\t\t\t<\/div>\n\t\t\t\t<div class=\"elementor-element elementor-element-4fc5da46 elementor-widget elementor-widget-drivschol-sidebar-call-to-action\" data-id=\"4fc5da46\" data-element_type=\"widget\" data-e-type=\"widget\" data-widget_type=\"drivschol-sidebar-call-to-action.default\">\n\t\t\t\t<div class=\"elementor-widget-container\">\n\t\t\t\t\t\r\n    <div class=\"service-sidebar__single  wow fadeInUp\" data-wow-delay='500ms'>\r\n        <div class=\"service-sidebar__contact\">\r\n            <h3 class=\"service-sidebar__contact-title\">Vols treure\u2019t el perm\u00eds C+E?\n<\/h3>                            <div class=\"service-sidebar__contact-btn\">\r\n                    <a href=\"https:\/\/www.autoescolaolivella.com\/index.php\/contacte\/\"  class=\"drivschol-btn drivschol-btn--base2\">Contacta<\/a>\r\n                <\/div><!-- \/.service-sidebar__contact__icon -->\r\n                        <div class=\"service-sidebar__contact-image\">\r\n                <img decoding=\"async\" src=\"https:\/\/www.autoescolaolivella.com\/assets\/2023\/12\/service-m-1.png\" alt=\"service-m-1\" title=\"service-m-1\" >            <\/div>\r\n            <div class=\"service-sidebar__contact-angle\">\r\n                <svg width=\"370\" height=\"210\" viewBox=\"0 0 370 210\" fill=\"none\" xmlns=\"http:\/\/www.w3.org\/2000\/svg\">\r\n                    <path d=\"M259.647 0L0 210H370L259.647 0Z\" fill=\"#EC2526\" \/>\r\n                <\/svg>\r\n            <\/div>\r\n        <\/div><!-- \/.service-sidebar__contact -->\r\n    <\/div>\r\n\t\t\t\t<\/div>\n\t\t\t\t<\/div>\n\t\t\t\t<\/div>\n\t\t<div class=\"elementor-element elementor-element-2243b910 e-con-full service-details__content e-flex e-con e-child\" data-id=\"2243b910\" data-element_type=\"container\" data-e-type=\"container\">\n\t\t\t\t<div class=\"elementor-element elementor-element-50018c32 elementor-widget elementor-widget-heading\" data-id=\"50018c32\" data-element_type=\"widget\" data-e-type=\"widget\" data-widget_type=\"heading.default\">\n\t\t\t\t\t<h3 class=\"elementor-heading-title elementor-size-default\">Perm\u00eds C+E<\/h3>\t\t\t\t<\/div>\n\t\t\t\t<div class=\"elementor-element elementor-element-5a084f4a elementor-widget elementor-widget-image\" data-id=\"5a084f4a\" data-element_type=\"widget\" data-e-type=\"widget\" data-widget_type=\"image.default\">\n\t\t\t\t\t\t\t\t\t\t\t\t\t\t\t<img fetchpriority=\"high\" decoding=\"async\" width=\"1280\" height=\"960\" src=\"https:\/\/www.autoescolaolivella.com\/assets\/2025\/09\/Imagen-de-WhatsApp-2025-09-16-a-las-12.32.46_fab7c85e.jpg\" class=\"attachment-full size-full wp-image-5442\" alt=\"\" srcset=\"https:\/\/www.autoescolaolivella.com\/assets\/2025\/09\/Imagen-de-WhatsApp-2025-09-16-a-las-12.32.46_fab7c85e.jpg 1280w, https:\/\/www.autoescolaolivella.com\/assets\/2025\/09\/Imagen-de-WhatsApp-2025-09-16-a-las-12.32.46_fab7c85e-220x165.jpg 220w, https:\/\/www.autoescolaolivella.com\/assets\/2025\/09\/Imagen-de-WhatsApp-2025-09-16-a-las-12.32.46_fab7c85e-320x240.jpg 320w, https:\/\/www.autoescolaolivella.com\/assets\/2025\/09\/Imagen-de-WhatsApp-2025-09-16-a-las-12.32.46_fab7c85e-768x576.jpg 768w, https:\/\/www.autoescolaolivella.com\/assets\/2025\/09\/Imagen-de-WhatsApp-2025-09-16-a-las-12.32.46_fab7c85e-570x428.jpg 570w\" sizes=\"(max-width: 1280px) 100vw, 1280px\" \/>\t\t\t\t\t\t\t\t\t\t\t\t\t\t\t<\/div>\n\t\t\t\t<div class=\"elementor-element elementor-element-638cb42f elementor-widget elementor-widget-text-editor\" data-id=\"638cb42f\" data-element_type=\"widget\" data-e-type=\"widget\" data-widget_type=\"text-editor.default\">\n\t\t\t\t\t\t\t\t\t<p>Amb el perm\u00eds C+E podr\u00e0s conduir <strong data-start=\"198\" data-end=\"276\">camions de m\u00e9s de 3.500 kg de MMA amb remolc o semiremolc de m\u00e9s de 750 kg<\/strong>.<br data-start=\"277\" data-end=\"280\" \/>\u00c9s el perm\u00eds imprescindible per a tr\u00e0ilers, camions articulats i transport de mercaderies pesades a nivell professional.<\/p>\t\t\t\t\t\t\t\t<\/div>\n\t\t\t\t<div class=\"elementor-element elementor-element-7caf0b01 elementor-widget elementor-widget-heading\" data-id=\"7caf0b01\" data-element_type=\"widget\" data-e-type=\"widget\" data-widget_type=\"heading.default\">\n\t\t\t\t\t<h3 class=\"elementor-heading-title elementor-size-default\">Qu\u00e8 necessito per obtenir el perm\u00eds C+E?<\/h3>\t\t\t\t<\/div>\n\t\t\t\t<div class=\"elementor-element elementor-element-7424aa24 elementor-widget elementor-widget-text-editor\" data-id=\"7424aa24\" data-element_type=\"widget\" data-e-type=\"widget\" data-widget_type=\"text-editor.default\">\n\t\t\t\t\t\t\t\t\t<ul><li data-start=\"459\" data-end=\"494\"><p data-start=\"461\" data-end=\"494\">Tenir el <strong data-start=\"470\" data-end=\"491\">perm\u00eds C en vigor<\/strong>.<\/p><\/li><li data-start=\"495\" data-end=\"565\"><p data-start=\"497\" data-end=\"565\">Superar un <strong data-start=\"508\" data-end=\"535\">examen te\u00f2ric espec\u00edfic<\/strong> sobre conducci\u00f3 amb remolc.<\/p><\/li><li data-start=\"566\" data-end=\"650\"><p data-start=\"568\" data-end=\"650\">Aprovar una <strong data-start=\"580\" data-end=\"616\">prova pr\u00e0ctica en circuit tancat<\/strong> (maniobres amb cami\u00f3 + remolc).<\/p><\/li><li data-start=\"651\" data-end=\"736\"><p data-start=\"653\" data-end=\"736\">Aprovar una <strong data-start=\"665\" data-end=\"699\">prova pr\u00e0ctica en vies obertes<\/strong> (conducci\u00f3 segura amb el conjunt).<\/p><\/li><\/ul>\t\t\t\t\t\t\t\t<\/div>\n\t\t\t\t<div class=\"elementor-element elementor-element-1b66931b elementor-widget elementor-widget-drivschol-icon-box\" data-id=\"1b66931b\" data-element_type=\"widget\" data-e-type=\"widget\" data-widget_type=\"drivschol-icon-box.default\">\n\t\t\t\t<div class=\"elementor-widget-container\">\n\t\t\t\t\t    <div class=\"service-details__single\">\r\n        <h3 class=\"service-details__title wow fadeInUp\" data-wow-delay='300ms'>\r\n            Per qu\u00e8 escollir el perm\u00eds C+E amb l'Olivella?        <\/h3><!-- \/.service-details__title -->\r\n        <div class=\"service-details__single-inner\">\r\n                            <div class=\"service-details__inner-item wow fadeInUp\" data-wow-delay='300ms'>\r\n                    <div class=\"item-icon\">\r\n                        <div class=\"icon\">\r\n                            <i aria-hidden=\"true\" class=\"  far fa-check-circle\"><\/i>                        <\/div>\r\n                    <\/div>\r\n                    <div class=\"item-content\">\r\n                        <h4 class=\"item__title\">\r\n                            99% d\u2019\u00e8xit en els tr\u00e0mits                        <\/h4>\r\n                        <p class=\"item__dec\"> Ens ocupem de tota la gesti\u00f3 administrativa amb la DGT i simplifiquem el proc\u00e9s.<\/p>\r\n                    <\/div>\r\n                <\/div>\r\n                            <div class=\"service-details__inner-item wow fadeInUp\" data-wow-delay='300ms'>\r\n                    <div class=\"item-icon\">\r\n                        <div class=\"icon\">\r\n                            <i aria-hidden=\"true\" class=\"  far fa-check-circle\"><\/i>                        <\/div>\r\n                    <\/div>\r\n                    <div class=\"item-content\">\r\n                        <h4 class=\"item__title\">\r\n                            Assessorament proper i clar                        <\/h4>\r\n                        <p class=\"item__dec\"> T\u2019ajudem pas a pas perqu\u00e8 puguis obtenir el perm\u00eds de manera r\u00e0pida i sense complicacions.<\/p>\r\n                    <\/div>\r\n                <\/div>\r\n                    <\/div>\r\n    <\/div>\r\n\t\t\t\t<\/div>\n\t\t\t\t<\/div>\n\t\t\t\t<div class=\"elementor-element elementor-element-7965da0d elementor-widget elementor-widget-drivschol-service-details\" data-id=\"7965da0d\" data-element_type=\"widget\" data-e-type=\"widget\" data-widget_type=\"drivschol-service-details.default\">\n\t\t\t\t<div class=\"elementor-widget-container\">\n\t\t\t\t\t\r\n\t<div class=\"service-details__single wow fadeInUp\" data-wow-delay='300ms'>\r\n\t\t<div class=\"service-details__single-inner service-details__single-inner--base\">\r\n\t\t\t\t\t\t<div class=\"service-details__benefit\">\r\n\t\t\t\t<h3 class=\"service-details__title\">Beneficis del perm\u00eds C+E<\/h3>\t\t\t\t<ul class=\"list-unstyled service-details__list\">\r\n\t\t\t\t\t\t\t\t\t\t\t<li>\r\n\t\t\t\t\t\t\tConducci\u00f3 de conjunts de vehicles pesants (cami\u00f3 + remolc\/gran semiremolc).\t\t\t\t\t\t<\/li>\r\n\t\t\t\t\t\t\t\t\t\t\t<li>\r\n\t\t\t\t\t\t\tAcc\u00e9s a feines de transport nacional i internacional amb tr\u00e0ilers i articulats.\t\t\t\t\t\t<\/li>\r\n\t\t\t\t\t\t\t\t\t\t\t<li>\r\n\t\t\t\t\t\t\tPossibilitat de portar mercaderies de gran volum i pes.\t\t\t\t\t\t<\/li>\r\n\t\t\t\t\t\t\t\t\t\t\t<li>\r\n\t\t\t\t\t\t\tMillora de la teva projecci\u00f3 professional dins del sector log\u00edstic.\t\t\t\t\t\t<\/li>\r\n\t\t\t\t\t\t\t\t\t\t\t<li>\r\n\t\t\t\t\t\t\tGesti\u00f3 completa i segura amb l\u2019experi\u00e8ncia de Gestoria Olivella.\t\t\t\t\t\t<\/li>\r\n\t\t\t\t\t\t\t\t\t<\/ul><!-- \/.list-unstyled team-details__list -->\r\n\t\t\t<\/div>\r\n\t\t<\/div>\r\n\t<\/div><!-- \/.service-details__single-->\r\n\t\t\t\t<\/div>\n\t\t\t\t<\/div>\n\t\t\t\t<div class=\"elementor-element elementor-element-4437f621 elementor-widget elementor-widget-drivschol-faq\" data-id=\"4437f621\" data-element_type=\"widget\" data-e-type=\"widget\" data-widget_type=\"drivschol-faq.default\">\n\t\t\t\t<div class=\"elementor-widget-container\">\n\t\t\t\t\t\r\n    <div class=\"service-details__single wow fadeInUp\" data-wow-delay='300ms'>\r\n        <div class=\"faq-page__accordion drivschol-accrodion\" data-grp-name=\"drivschol-accrodion\">\r\n                            <div class=\"accrodion \">\r\n                    <div class=\"accrodion-title\">\r\n                        <h4 class=\"accrodion-title__text\">\r\n                            \ud83d\udc49 Necessito tenir el perm\u00eds C abans?<span class=\"accrodion-title__icon\"><\/span>\r\n                        <\/h4>\r\n                    <\/div><!-- \/.accordian-title -->\r\n                    <div class=\"accrodion-content\">\r\n                        <div class=\"inner\">\r\n                            <p class=\"accrodion-content__text\">S\u00ed, \u00e9s imprescindible disposar del perm\u00eds C en vigor per treure\u2019t el C+E.<\/p>\r\n                        <\/div><!-- \/.accordian-content -->\r\n                    <\/div>\r\n                <\/div><!-- \/.accordian-item -->\r\n                            <div class=\"accrodion active\">\r\n                    <div class=\"accrodion-title\">\r\n                        <h4 class=\"accrodion-title__text\">\r\n                            \ud83d\udc49 Quantes proves he de fer?<span class=\"accrodion-title__icon\"><\/span>\r\n                        <\/h4>\r\n                    <\/div><!-- \/.accordian-title -->\r\n                    <div class=\"accrodion-content\">\r\n                        <div class=\"inner\">\r\n                            <p class=\"accrodion-content__text\">Un examen te\u00f2ric espec\u00edfic, una prova de maniobres en circuit i una altra en vies obertes.<\/p>\r\n                        <\/div><!-- \/.accordian-content -->\r\n                    <\/div>\r\n                <\/div><!-- \/.accordian-item -->\r\n                            <div class=\"accrodion \">\r\n                    <div class=\"accrodion-title\">\r\n                        <h4 class=\"accrodion-title__text\">\r\n                            \ud83d\udc49 Quins vehicles puc portar amb el C+E?<span class=\"accrodion-title__icon\"><\/span>\r\n                        <\/h4>\r\n                    <\/div><!-- \/.accordian-title -->\r\n                    <div class=\"accrodion-content\">\r\n                        <div class=\"inner\">\r\n                            <p class=\"accrodion-content__text\">Camions de m\u00e9s de 3.500 kg amb remolc o semiremolc gran, sense l\u00edmit de pes (m\u00e9s enll\u00e0 dels 750 kg del perm\u00eds C).<\/p>\r\n                        <\/div><!-- \/.accordian-content -->\r\n                    <\/div>\r\n                <\/div><!-- \/.accordian-item -->\r\n                            <div class=\"accrodion \">\r\n                    <div class=\"accrodion-title\">\r\n                        <h4 class=\"accrodion-title__text\">\r\n                            \ud83d\udc49 Quin temps es triga a obtenir-lo?<span class=\"accrodion-title__icon\"><\/span>\r\n                        <\/h4>\r\n                    <\/div><!-- \/.accordian-title -->\r\n                    <div class=\"accrodion-content\">\r\n                        <div class=\"inner\">\r\n                            <p class=\"accrodion-content__text\">Dep\u00e8n de la disponibilitat d\u2019ex\u00e0mens, per\u00f2 normalment en poques setmanes un cop superades les proves.<\/p>\r\n                        <\/div><!-- \/.accordian-content -->\r\n                    <\/div>\r\n                <\/div><!-- \/.accordian-item -->\r\n                    <\/div>\r\n    <\/div><!-- \/.service-details__single-->\r\n\t\t\t\t<\/div>\n\t\t\t\t<\/div>\n\t\t\t\t<\/div>\n\t\t\t\t\t<\/div>\n\t\t\t\t<\/div>\n\t\t\t\t<\/div>\n\t\t","protected":false},"excerpt":{"rendered":"<p>TOTS ELS NOSTRES CARNETS Autoritzaci\u00f3 B96 Perm\u00eds A Perm\u00eds A1 Perm\u00eds A2 Perm\u00eds AM Perm\u00eds B Perm\u00eds B+E Perm\u00eds C Perm\u00eds C+E Perm\u00eds D Llic\u00e8ncia LVA Vols treure\u2019t el perm\u00eds C+E? Contacta Perm\u00eds C+E Amb el perm\u00eds C+E podr\u00e0s conduir camions de m\u00e9s de 3.500 kg de MMA amb remolc o semiremolc de m\u00e9s de [&hellip;]<\/p>\n","protected":false},"author":7,"featured_media":0,"parent":4583,"menu_order":0,"comment_status":"closed","ping_status":"closed","template":"elementor_header_footer","meta":{"footnotes":""},"class_list":["post-4605","page","type-page","status-publish","hentry"],"_links":{"self":[{"href":"https:\/\/www.autoescolaolivella.com\/index.php\/wp-json\/wp\/v2\/pages\/4605","targetHints":{"allow":["GET"]}}],"collection":[{"href":"https:\/\/www.autoescolaolivella.com\/index.php\/wp-json\/wp\/v2\/pages"}],"about":[{"href":"https:\/\/www.autoescolaolivella.com\/index.php\/wp-json\/wp\/v2\/types\/page"}],"author":[{"embeddable":true,"href":"https:\/\/www.autoescolaolivella.com\/index.php\/wp-json\/wp\/v2\/users\/7"}],"replies":[{"embeddable":true,"href":"https:\/\/www.autoescolaolivella.com\/index.php\/wp-json\/wp\/v2\/comments?post=4605"}],"version-history":[{"count":13,"href":"https:\/\/www.autoescolaolivella.com\/index.php\/wp-json\/wp\/v2\/pages\/4605\/revisions"}],"predecessor-version":[{"id":5454,"href":"https:\/\/www.autoescolaolivella.com\/index.php\/wp-json\/wp\/v2\/pages\/4605\/revisions\/5454"}],"up":[{"embeddable":true,"href":"https:\/\/www.autoescolaolivella.com\/index.php\/wp-json\/wp\/v2\/pages\/4583"}],"wp:attachment":[{"href":"https:\/\/www.autoescolaolivella.com\/index.php\/wp-json\/wp\/v2\/media?parent=4605"}],"curies":[{"name":"wp","href":"https:\/\/api.w.org\/{rel}","templated":true}]}}