{"id":4609,"date":"2025-08-16T19:27:18","date_gmt":"2025-08-16T17:27:18","guid":{"rendered":"https:\/\/www.autoescolaolivella.com\/000000\/?page_id=4609"},"modified":"2025-09-16T14:28:41","modified_gmt":"2025-09-16T12:28:41","slug":"permis-lva","status":"publish","type":"page","link":"https:\/\/www.autoescolaolivella.com\/index.php\/autoescola\/carnets\/permis-lva\/","title":{"rendered":"Llic\u00e8ncia LVA"},"content":{"rendered":"\t\t<div data-elementor-type=\"wp-page\" data-elementor-id=\"4609\" class=\"elementor elementor-4609\">\n\t\t\t\t<div class=\"elementor-element elementor-element-3ce5049 service-details e-flex e-con-boxed e-con e-parent\" data-id=\"3ce5049\" data-element_type=\"container\" data-e-type=\"container\" data-settings=\"{&quot;background_background&quot;:&quot;slideshow&quot;,&quot;background_slideshow_gallery&quot;:[{&quot;id&quot;:5214,&quot;url&quot;:&quot;https:\\\/\\\/www.autoescolaolivella.com\\\/assets\\\/2025\\\/09\\\/abstract-white-background-with-wavy-shapes-flowing-and-curvy-shapes-this-asset-is-suitable-for-website-backgrounds-flyers-posters-and-digital-art-projects-free-vector.webp&quot;}],&quot;background_slideshow_loop&quot;:&quot;yes&quot;,&quot;background_slideshow_slide_duration&quot;:5000,&quot;background_slideshow_slide_transition&quot;:&quot;fade&quot;,&quot;background_slideshow_transition_duration&quot;:500}\">\n\t\t\t\t\t<div class=\"e-con-inner\">\n\t\t<div class=\"elementor-element elementor-element-378373bb e-con-full e-flex e-con e-child\" data-id=\"378373bb\" data-element_type=\"container\" data-e-type=\"container\">\n\t\t\t\t<div class=\"elementor-element elementor-element-56e7457e elementor-widget elementor-widget-sidebar-nav\" data-id=\"56e7457e\" data-element_type=\"widget\" data-e-type=\"widget\" data-widget_type=\"sidebar-nav.default\">\n\t\t\t\t<div class=\"elementor-widget-container\">\n\t\t\t\t\t    <div class=\"service-sidebar__single  wow fadeInUp\" data-wow-delay='500ms'>\r\n        <h3 class=\"service-sidebar__title background-black-2\">TOTS ELS NOSTRES CARNETS<\/h3>                    <div class=\"menu-carnets-container\"><ul id=\"menu-carnets\" class=\"list-unstyled service-sidebar__nav ml-0\"><li id=\"menu-item-4820\" class=\"menu-item menu-item-type-post_type menu-item-object-page menu-item-4820\"><a href=\"https:\/\/www.autoescolaolivella.com\/index.php\/autoescola\/carnets\/autoritzacio-b96\/\">Autoritzaci\u00f3 B96<\/a><\/li>\n<li id=\"menu-item-4821\" class=\"menu-item menu-item-type-post_type menu-item-object-page menu-item-4821\"><a href=\"https:\/\/www.autoescolaolivella.com\/index.php\/autoescola\/carnets\/permis-a\/\">Perm\u00eds A<\/a><\/li>\n<li id=\"menu-item-4822\" class=\"menu-item menu-item-type-post_type menu-item-object-page menu-item-4822\"><a href=\"https:\/\/www.autoescolaolivella.com\/index.php\/autoescola\/carnets\/permis-a1\/\">Perm\u00eds A1<\/a><\/li>\n<li id=\"menu-item-4823\" class=\"menu-item menu-item-type-post_type menu-item-object-page menu-item-4823\"><a href=\"https:\/\/www.autoescolaolivella.com\/index.php\/autoescola\/carnets\/permis-a2\/\">Perm\u00eds A2<\/a><\/li>\n<li id=\"menu-item-4824\" class=\"menu-item menu-item-type-post_type menu-item-object-page menu-item-4824\"><a href=\"https:\/\/www.autoescolaolivella.com\/index.php\/autoescola\/carnets\/permis-am\/\">Perm\u00eds AM<\/a><\/li>\n<li id=\"menu-item-4825\" class=\"menu-item menu-item-type-post_type menu-item-object-page menu-item-4825\"><a href=\"https:\/\/www.autoescolaolivella.com\/index.php\/autoescola\/carnets\/permis-b\/\">Perm\u00eds B<\/a><\/li>\n<li id=\"menu-item-4826\" class=\"menu-item menu-item-type-post_type menu-item-object-page menu-item-4826\"><a href=\"https:\/\/www.autoescolaolivella.com\/index.php\/autoescola\/carnets\/permis-be\/\">Perm\u00eds B+E<\/a><\/li>\n<li id=\"menu-item-4827\" class=\"menu-item menu-item-type-post_type menu-item-object-page menu-item-4827\"><a href=\"https:\/\/www.autoescolaolivella.com\/index.php\/autoescola\/carnets\/permis-c\/\">Perm\u00eds C<\/a><\/li>\n<li id=\"menu-item-4828\" class=\"menu-item menu-item-type-post_type menu-item-object-page menu-item-4828\"><a href=\"https:\/\/www.autoescolaolivella.com\/index.php\/autoescola\/carnets\/permis-ce\/\">Perm\u00eds C+E<\/a><\/li>\n<li id=\"menu-item-4829\" class=\"menu-item menu-item-type-post_type menu-item-object-page menu-item-4829\"><a href=\"https:\/\/www.autoescolaolivella.com\/index.php\/autoescola\/carnets\/permis-d\/\">Perm\u00eds D<\/a><\/li>\n<li id=\"menu-item-4830\" class=\"menu-item menu-item-type-post_type menu-item-object-page menu-item-4830\"><a href=\"https:\/\/www.autoescolaolivella.com\/index.php\/autoescola\/carnets\/permis-lva\/\">Llic\u00e8ncia LVA<\/a><\/li>\n<\/ul><\/div>            <\/div><!-- \/.service-sidebar__single -->\r\n\t\t\t\t<\/div>\n\t\t\t\t<\/div>\n\t\t\t\t<div class=\"elementor-element elementor-element-67e083f8 elementor-widget elementor-widget-drivschol-sidebar-call-to-action\" data-id=\"67e083f8\" data-element_type=\"widget\" data-e-type=\"widget\" data-widget_type=\"drivschol-sidebar-call-to-action.default\">\n\t\t\t\t<div class=\"elementor-widget-container\">\n\t\t\t\t\t\r\n    <div class=\"service-sidebar__single  wow fadeInUp\" data-wow-delay='500ms'>\r\n        <div class=\"service-sidebar__contact\">\r\n            <h3 class=\"service-sidebar__contact-title\">Vols treure\u2019t la Llic\u00e8ncia de Vehicles Agr\u00edcoles?<\/h3>                            <div class=\"service-sidebar__contact-btn\">\r\n                    <a href=\"https:\/\/www.autoescolaolivella.com\/index.php\/contacte\/\"  class=\"drivschol-btn drivschol-btn--base2\">Contacta<\/a>\r\n                <\/div><!-- \/.service-sidebar__contact__icon -->\r\n                        <div class=\"service-sidebar__contact-image\">\r\n                <img decoding=\"async\" src=\"https:\/\/www.autoescolaolivella.com\/assets\/2023\/12\/service-m-1.png\" alt=\"service-m-1\" title=\"service-m-1\" >            <\/div>\r\n            <div class=\"service-sidebar__contact-angle\">\r\n                <svg width=\"370\" height=\"210\" viewBox=\"0 0 370 210\" fill=\"none\" xmlns=\"http:\/\/www.w3.org\/2000\/svg\">\r\n                    <path d=\"M259.647 0L0 210H370L259.647 0Z\" fill=\"#EC2526\" \/>\r\n                <\/svg>\r\n            <\/div>\r\n        <\/div><!-- \/.service-sidebar__contact -->\r\n    <\/div>\r\n\t\t\t\t<\/div>\n\t\t\t\t<\/div>\n\t\t\t\t<\/div>\n\t\t<div class=\"elementor-element elementor-element-4172d4af e-con-full service-details__content e-flex e-con e-child\" data-id=\"4172d4af\" data-element_type=\"container\" data-e-type=\"container\">\n\t\t\t\t<div class=\"elementor-element elementor-element-36a2cd14 elementor-widget elementor-widget-heading\" data-id=\"36a2cd14\" data-element_type=\"widget\" data-e-type=\"widget\" data-widget_type=\"heading.default\">\n\t\t\t\t\t<h3 class=\"elementor-heading-title elementor-size-default\">Llic\u00e8ncia de Vehicles Agr\u00edcoles (LVA)<\/h3>\t\t\t\t<\/div>\n\t\t\t\t<div class=\"elementor-element elementor-element-4b05b7d0 elementor-widget elementor-widget-image\" data-id=\"4b05b7d0\" data-element_type=\"widget\" data-e-type=\"widget\" data-widget_type=\"image.default\">\n\t\t\t\t\t\t\t\t\t\t\t\t\t\t\t<img fetchpriority=\"high\" decoding=\"async\" width=\"700\" height=\"450\" src=\"https:\/\/www.autoescolaolivella.com\/assets\/2025\/09\/tractor.jpg\" class=\"attachment-full size-full wp-image-5465\" alt=\"\" srcset=\"https:\/\/www.autoescolaolivella.com\/assets\/2025\/09\/tractor.jpg 700w, https:\/\/www.autoescolaolivella.com\/assets\/2025\/09\/tractor-220x141.jpg 220w, https:\/\/www.autoescolaolivella.com\/assets\/2025\/09\/tractor-320x206.jpg 320w, https:\/\/www.autoescolaolivella.com\/assets\/2025\/09\/tractor-570x366.jpg 570w\" sizes=\"(max-width: 700px) 100vw, 700px\" \/>\t\t\t\t\t\t\t\t\t\t\t\t\t\t\t<\/div>\n\t\t\t\t<div class=\"elementor-element elementor-element-50bc0293 elementor-widget elementor-widget-text-editor\" data-id=\"50bc0293\" data-element_type=\"widget\" data-e-type=\"widget\" data-widget_type=\"text-editor.default\">\n\t\t\t\t\t\t\t\t\t<p>Amb la llic\u00e8ncia de vehicles agr\u00edcoles podr\u00e0s conduir <strong data-start=\"253\" data-end=\"287\">tractors i maquin\u00e0ria agr\u00edcola<\/strong> amb finalitat professional o particular, segons la categoria obtinguda.<br data-start=\"359\" data-end=\"362\" \/>\u00c9s indispensable per a pagesos, professionals del sector agr\u00edcola i per a l\u2019\u00fas de maquin\u00e0ria pesada en finques.<\/p>\t\t\t\t\t\t\t\t<\/div>\n\t\t\t\t<div class=\"elementor-element elementor-element-61082edc elementor-widget elementor-widget-heading\" data-id=\"61082edc\" data-element_type=\"widget\" data-e-type=\"widget\" data-widget_type=\"heading.default\">\n\t\t\t\t\t<h3 class=\"elementor-heading-title elementor-size-default\">Qu\u00e8 necessito per obtenir la LVA?<\/h3>\t\t\t\t<\/div>\n\t\t\t\t<div class=\"elementor-element elementor-element-937bfe1 elementor-widget elementor-widget-text-editor\" data-id=\"937bfe1\" data-element_type=\"widget\" data-e-type=\"widget\" data-widget_type=\"text-editor.default\">\n\t\t\t\t\t\t\t\t\t<ul data-start=\"525\" data-end=\"811\"><li data-start=\"525\" data-end=\"559\"><p data-start=\"527\" data-end=\"559\">Tenir <strong data-start=\"533\" data-end=\"556\">16 anys com a m\u00ednim<\/strong>.<\/p><\/li><li data-start=\"560\" data-end=\"641\"><p data-start=\"562\" data-end=\"641\">Aprovar un <strong data-start=\"573\" data-end=\"600\">examen te\u00f2ric espec\u00edfic<\/strong> sobre circulaci\u00f3 i seguretat agr\u00edcola.<\/p><\/li><li data-start=\"642\" data-end=\"732\"><p data-start=\"644\" data-end=\"732\">Superar una <strong data-start=\"656\" data-end=\"692\">prova pr\u00e0ctica en circuit tancat<\/strong> (maniobres amb tractor o maquin\u00e0ria).<\/p><\/li><\/ul>\t\t\t\t\t\t\t\t<\/div>\n\t\t\t\t<div class=\"elementor-element elementor-element-462d831d elementor-widget elementor-widget-drivschol-icon-box\" data-id=\"462d831d\" data-element_type=\"widget\" data-e-type=\"widget\" data-widget_type=\"drivschol-icon-box.default\">\n\t\t\t\t<div class=\"elementor-widget-container\">\n\t\t\t\t\t    <div class=\"service-details__single\">\r\n        <h3 class=\"service-details__title wow fadeInUp\" data-wow-delay='300ms'>\r\n            Per qu\u00e8 escollir la LVA amb l'Olivella?        <\/h3><!-- \/.service-details__title -->\r\n        <div class=\"service-details__single-inner\">\r\n                            <div class=\"service-details__inner-item wow fadeInUp\" data-wow-delay='300ms'>\r\n                    <div class=\"item-icon\">\r\n                        <div class=\"icon\">\r\n                            <i aria-hidden=\"true\" class=\"  far fa-check-circle\"><\/i>                        <\/div>\r\n                    <\/div>\r\n                    <div class=\"item-content\">\r\n                        <h4 class=\"item__title\">\r\n                            99% d\u2019\u00e8xit en els tr\u00e0mits                        <\/h4>\r\n                        <p class=\"item__dec\"> Lorem Ipsum is simply dummy typesetting industry.<\/p>\r\n                    <\/div>\r\n                <\/div>\r\n                            <div class=\"service-details__inner-item wow fadeInUp\" data-wow-delay='300ms'>\r\n                    <div class=\"item-icon\">\r\n                        <div class=\"icon\">\r\n                            <i aria-hidden=\"true\" class=\"  far fa-check-circle\"><\/i>                        <\/div>\r\n                    <\/div>\r\n                    <div class=\"item-content\">\r\n                        <h4 class=\"item__title\">\r\n                            Assessorament proper i clar                        <\/h4>\r\n                        <p class=\"item__dec\"> T\u2019expliquem pas a pas qu\u00e8 necessites segons el tipus de maquin\u00e0ria que vulguis conduir.<\/p>\r\n                    <\/div>\r\n                <\/div>\r\n                    <\/div>\r\n    <\/div>\r\n\t\t\t\t<\/div>\n\t\t\t\t<\/div>\n\t\t\t\t<div class=\"elementor-element elementor-element-7d391d52 elementor-widget elementor-widget-drivschol-service-details\" data-id=\"7d391d52\" data-element_type=\"widget\" data-e-type=\"widget\" data-widget_type=\"drivschol-service-details.default\">\n\t\t\t\t<div class=\"elementor-widget-container\">\n\t\t\t\t\t\r\n\t<div class=\"service-details__single wow fadeInUp\" data-wow-delay='300ms'>\r\n\t\t<div class=\"service-details__single-inner service-details__single-inner--base\">\r\n\t\t\t\t\t\t<div class=\"service-details__benefit\">\r\n\t\t\t\t<h3 class=\"service-details__title\">Beneficis de la LVA<\/h3>\t\t\t\t<ul class=\"list-unstyled service-details__list\">\r\n\t\t\t\t\t\t\t\t\t\t\t<li>\r\n\t\t\t\t\t\t\tAcc\u00e9s legal a la conducci\u00f3 de tractors i maquin\u00e0ria agr\u00edcola.\t\t\t\t\t\t<\/li>\r\n\t\t\t\t\t\t\t\t\t\t\t<li>\r\n\t\t\t\t\t\t\tPossibilitat de treballar en explotacions agr\u00e0ries i tasques professionals.\t\t\t\t\t\t<\/li>\r\n\t\t\t\t\t\t\t\t\t\t\t<li>\r\n\t\t\t\t\t\t\tAdaptada a diferents categories de vehicles agr\u00edcoles.\t\t\t\t\t\t<\/li>\r\n\t\t\t\t\t\t\t\t\t\t\t<li>\r\n\t\t\t\t\t\t\tGesti\u00f3 senzilla i r\u00e0pida amb el suport de Gestoria Olivella.\t\t\t\t\t\t<\/li>\r\n\t\t\t\t\t\t\t\t\t<\/ul><!-- \/.list-unstyled team-details__list -->\r\n\t\t\t<\/div>\r\n\t\t<\/div>\r\n\t<\/div><!-- \/.service-details__single-->\r\n\t\t\t\t<\/div>\n\t\t\t\t<\/div>\n\t\t\t\t<div class=\"elementor-element elementor-element-51ac208d elementor-widget elementor-widget-drivschol-faq\" data-id=\"51ac208d\" data-element_type=\"widget\" data-e-type=\"widget\" data-widget_type=\"drivschol-faq.default\">\n\t\t\t\t<div class=\"elementor-widget-container\">\n\t\t\t\t\t\r\n    <div class=\"service-details__single wow fadeInUp\" data-wow-delay='300ms'>\r\n        <div class=\"faq-page__accordion drivschol-accrodion\" data-grp-name=\"drivschol-accrodion\">\r\n                            <div class=\"accrodion \">\r\n                    <div class=\"accrodion-title\">\r\n                        <h4 class=\"accrodion-title__text\">\r\n                            \ud83d\udc49 A quina edat puc treure\u2019m la LVA?<span class=\"accrodion-title__icon\"><\/span>\r\n                        <\/h4>\r\n                    <\/div><!-- \/.accordian-title -->\r\n                    <div class=\"accrodion-content\">\r\n                        <div class=\"inner\">\r\n                            <p class=\"accrodion-content__text\">A partir dels 16 anys, amb autoritzaci\u00f3 per a maquin\u00e0ria agr\u00edcola.<\/p>\r\n                        <\/div><!-- \/.accordian-content -->\r\n                    <\/div>\r\n                <\/div><!-- \/.accordian-item -->\r\n                            <div class=\"accrodion active\">\r\n                    <div class=\"accrodion-title\">\r\n                        <h4 class=\"accrodion-title__text\">\r\n                            \ud83d\udc49 Quins vehicles puc conduir amb la LVA?<span class=\"accrodion-title__icon\"><\/span>\r\n                        <\/h4>\r\n                    <\/div><!-- \/.accordian-title -->\r\n                    <div class=\"accrodion-content\">\r\n                        <div class=\"inner\">\r\n                            <p class=\"accrodion-content__text\">Tractors, motocultors i altres vehicles agr\u00edcoles segons la categoria.<\/p>\r\n                        <\/div><!-- \/.accordian-content -->\r\n                    <\/div>\r\n                <\/div><!-- \/.accordian-item -->\r\n                            <div class=\"accrodion \">\r\n                    <div class=\"accrodion-title\">\r\n                        <h4 class=\"accrodion-title__text\">\r\n                            \ud83d\udc49 Necessito examen te\u00f2ric i pr\u00e0ctic?<span class=\"accrodion-title__icon\"><\/span>\r\n                        <\/h4>\r\n                    <\/div><!-- \/.accordian-title -->\r\n                    <div class=\"accrodion-content\">\r\n                        <div class=\"inner\">\r\n                            <p class=\"accrodion-content__text\">S\u00ed, un examen te\u00f2ric espec\u00edfic i pr\u00e0ctiques amb la maquin\u00e0ria corresponent.<\/p>\r\n                        <\/div><!-- \/.accordian-content -->\r\n                    <\/div>\r\n                <\/div><!-- \/.accordian-item -->\r\n                            <div class=\"accrodion \">\r\n                    <div class=\"accrodion-title\">\r\n                        <h4 class=\"accrodion-title__text\">\r\n                            \ud83d\udc49 La LVA \u00e9s v\u00e0lida per circular per carretera?<span class=\"accrodion-title__icon\"><\/span>\r\n                        <\/h4>\r\n                    <\/div><!-- \/.accordian-title -->\r\n                    <div class=\"accrodion-content\">\r\n                        <div class=\"inner\">\r\n                            <p class=\"accrodion-content__text\">S\u00ed, sempre que es respectin els l\u00edmits de circulaci\u00f3 i les condicions establertes per la DGT.<\/p>\r\n                        <\/div><!-- \/.accordian-content -->\r\n                    <\/div>\r\n                <\/div><!-- \/.accordian-item -->\r\n                    <\/div>\r\n    <\/div><!-- \/.service-details__single-->\r\n\t\t\t\t<\/div>\n\t\t\t\t<\/div>\n\t\t\t\t<\/div>\n\t\t\t\t\t<\/div>\n\t\t\t\t<\/div>\n\t\t\t\t<\/div>\n\t\t","protected":false},"excerpt":{"rendered":"<p>TOTS ELS NOSTRES CARNETS Autoritzaci\u00f3 B96 Perm\u00eds A Perm\u00eds A1 Perm\u00eds A2 Perm\u00eds AM Perm\u00eds B Perm\u00eds B+E Perm\u00eds C Perm\u00eds C+E Perm\u00eds D Llic\u00e8ncia LVA Vols treure\u2019t la Llic\u00e8ncia de Vehicles Agr\u00edcoles? Contacta Llic\u00e8ncia de Vehicles Agr\u00edcoles (LVA) Amb la llic\u00e8ncia de vehicles agr\u00edcoles podr\u00e0s conduir tractors i maquin\u00e0ria agr\u00edcola amb finalitat professional o [&hellip;]<\/p>\n","protected":false},"author":7,"featured_media":0,"parent":4583,"menu_order":0,"comment_status":"closed","ping_status":"closed","template":"elementor_header_footer","meta":{"footnotes":""},"class_list":["post-4609","page","type-page","status-publish","hentry"],"_links":{"self":[{"href":"https:\/\/www.autoescolaolivella.com\/index.php\/wp-json\/wp\/v2\/pages\/4609","targetHints":{"allow":["GET"]}}],"collection":[{"href":"https:\/\/www.autoescolaolivella.com\/index.php\/wp-json\/wp\/v2\/pages"}],"about":[{"href":"https:\/\/www.autoescolaolivella.com\/index.php\/wp-json\/wp\/v2\/types\/page"}],"author":[{"embeddable":true,"href":"https:\/\/www.autoescolaolivella.com\/index.php\/wp-json\/wp\/v2\/users\/7"}],"replies":[{"embeddable":true,"href":"https:\/\/www.autoescolaolivella.com\/index.php\/wp-json\/wp\/v2\/comments?post=4609"}],"version-history":[{"count":17,"href":"https:\/\/www.autoescolaolivella.com\/index.php\/wp-json\/wp\/v2\/pages\/4609\/revisions"}],"predecessor-version":[{"id":5471,"href":"https:\/\/www.autoescolaolivella.com\/index.php\/wp-json\/wp\/v2\/pages\/4609\/revisions\/5471"}],"up":[{"embeddable":true,"href":"https:\/\/www.autoescolaolivella.com\/index.php\/wp-json\/wp\/v2\/pages\/4583"}],"wp:attachment":[{"href":"https:\/\/www.autoescolaolivella.com\/index.php\/wp-json\/wp\/v2\/media?parent=4609"}],"curies":[{"name":"wp","href":"https:\/\/api.w.org\/{rel}","templated":true}]}}