{"id":4707,"date":"2025-08-17T22:35:16","date_gmt":"2025-08-17T20:35:16","guid":{"rendered":"https:\/\/www.autoescolaolivella.com\/000000\/?page_id=4707"},"modified":"2025-09-16T16:20:57","modified_gmt":"2025-09-16T14:20:57","slug":"cap","status":"publish","type":"page","link":"https:\/\/www.autoescolaolivella.com\/index.php\/autoescola\/professionals\/cap\/","title":{"rendered":"Cursos CAP"},"content":{"rendered":"\t\t<div data-elementor-type=\"wp-page\" data-elementor-id=\"4707\" class=\"elementor elementor-4707\">\n\t\t\t\t<div class=\"elementor-element elementor-element-254c3ae8 e-con-full e-flex e-con e-parent\" data-id=\"254c3ae8\" data-element_type=\"container\" data-e-type=\"container\">\n\t\t\t\t<div class=\"elementor-element elementor-element-6e1ea0aa elementor-widget elementor-widget-drivschol-about\" data-id=\"6e1ea0aa\" data-element_type=\"widget\" data-e-type=\"widget\" data-widget_type=\"drivschol-about.default\">\n\t\t\t\t<div class=\"elementor-widget-container\">\n\t\t\t\t\t\r\n    <!-- About THree Start -->\r\n    <section class=\"about-three about-three__home\">\r\n        <div class=\"container\">\r\n            <div class=\"row\">\r\n                <div class=\"col-lg-6\">\r\n                    <div class=\"about-three__content\">\r\n                        <div class=\"about-three__content__head\">\r\n                            <div class=\"sec-title  text-start wow fadeInUp\" data-wow-duration='300ms'>\r\n                                                                <h6 class=\"sec-title__title\">Cursos CAP per a conductors professionals<\/h6>                            <\/div><!-- \/.sec-title -->\r\n                        <\/div><!-- \/.about-three__content__head -->\r\n                        <p class=\"about-three__content__text  wow fadeInUp\" data-wow-delay='500ms'>\r\n                            El CAP \u00e9s el Certificat mitjan\u00e7ant el qual superant els ex\u00e0mens exigits habilita per a la realitzaci\u00f3 del transport discrecional de viatgers i de mercaderies per carretera, obligatori des de l\u201911 de setembre de 2008 per a viatgers i a partir de l\u201911 de setembre de 2009 per a mercaderies.\nReial Decret 1032\/2007, del 20 de Juliol\nA Autoescola Olivella oferim la oportunitat a tots aquells conductors que ho necessitin a participar en els nostres cursos de CAP.\nSi vols saber quin ser\u00e0 el proper curs del CAP consulta els nostres cursos, all\u00e0 trobar\u00e0s tota la informaci\u00f3 que necessites.\nSi vols apuntar-te al nostre curs de CAP posa\u2019t en contacte amb nosaltres.                        <\/p><!-- \/.about-three__content__text -->\r\n                                                    <ul class=\"about-three__content__list  wow fadeInUp\" data-wow-delay='500ms'>\r\n                                                                    <li class=\"about-three__content__list__item\">\r\n                                        Cap Inicial 140 hores                                    <\/li>\r\n                                    <!-- \/.about-three__content__list__item -->\r\n                                                                    <li class=\"about-three__content__list__item\">\r\n                                        Cap continu 35 hores                                    <\/li>\r\n                                    <!-- \/.about-three__content__list__item -->\r\n                                                            <\/ul><!-- \/.about-three__content__list -->\r\n                                                                            <div class=\"about-three__content__link  wow fadeInUp\" data-wow-delay='500ms'>\r\n                                <a href=\"https:\/\/www.autoescolaolivella.com\/index.php\/contacte\/\"  class=\"about-three__content__link__btn drivschol-btn drivschol-btn--base2\">\r\n                                    Reserva la teva pla\u00e7a                                <\/a>\r\n                            <\/div><!-- \/.about-three__content__link -->\r\n                                            <\/div><!-- \/.about-three__left -->\r\n                <\/div><!-- \/.col-lg-6 -->\r\n                <div class=\"col-lg-6\">\r\n                    <div class=\"about-three__thumb  wow fadeInLeft\" data-wow-delay='500ms'>\r\n                        <div class=\"about-three__thumb__img\">\r\n                            <img decoding=\"async\" src=\"https:\/\/www.autoescolaolivella.com\/assets\/2023\/12\/about-3-1.png\" alt=\"about-3-1\" title=\"about-3-1\" >                        <\/div><!-- \/.about-three__thumb__img -->\r\n                        <div class=\"about-three__thumb__sub\">\r\n                            <img decoding=\"async\" src=\"https:\/\/www.autoescolaolivella.com\/assets\/2025\/09\/Imagen-de-WhatsApp-2025-09-16-a-las-12.32.46_fab7c85e.jpg\" alt=\"Imagen de WhatsApp 2025-09-16 a las 12.32.46_fab7c85e\" title=\"Imagen de WhatsApp 2025-09-16 a las 12.32.46_fab7c85e\" >                        <\/div><!-- \/.about-three__thumb__top -->\r\n                        <div class=\"about-three__thumb__logo\">\r\n                            <img decoding=\"async\" src=\"https:\/\/www.autoescolaolivella.com\/assets\/2025\/08\/images-removebg-preview-1-1.webp\" alt=\"images-removebg-preview (1)\" title=\"images-removebg-preview (1)\" >                        <\/div><!-- \/.about-three__thumb__logo -->\r\n                        <div class=\"about-three__thumb__content count-box\">\r\n                            <h3 class=\"about-three__thumb__content__number count-text\" data-stop=\"20\" data-speed=\"1500\">\r\n                            <\/h3><!-- \/.about-three__thumb__content__number -->\r\n                            <span class=\"about-three__thumb__content__text\"> Anys d'experi\u00e8ncia<\/span>\r\n                        <\/div><!-- \/.about-three__thumb__content -->\r\n                    <\/div><!-- \/.about-three__thumb -->\r\n                <\/div><!-- \/.col-lg-6 -->\r\n            <\/div><!-- \/.row -->\r\n        <\/div><!-- \/.container -->\r\n    <\/section><!-- \/.about-three about-three__home -->\r\n    <!-- About THree End -->\r\n\t\t\t\t<\/div>\n\t\t\t\t<\/div>\n\t\t\t\t<div class=\"elementor-element elementor-element-c733f9a elementor-view-default elementor-widget elementor-widget-icon\" data-id=\"c733f9a\" data-element_type=\"widget\" data-e-type=\"widget\" data-widget_type=\"icon.default\">\n\t\t\t\t\t\t\t<div class=\"elementor-icon-wrapper\">\n\t\t\t<div class=\"elementor-icon\">\n\t\t\t<i aria-hidden=\"true\" class=\"fas fa-arrow-down\"><\/i>\t\t\t<\/div>\n\t\t<\/div>\n\t\t\t\t\t\t<\/div>\n\t\t\t\t<\/div>\n\t\t<div class=\"elementor-element elementor-element-776d23f8 service-details e-flex e-con-boxed e-con e-parent\" data-id=\"776d23f8\" data-element_type=\"container\" data-e-type=\"container\">\n\t\t\t\t\t<div class=\"e-con-inner\">\n\t\t<div class=\"elementor-element elementor-element-79826807 e-con-full service-details__content e-flex e-con e-child\" data-id=\"79826807\" data-element_type=\"container\" data-e-type=\"container\">\n\t\t\t\t<div class=\"elementor-element elementor-element-27660f7c elementor-widget__width-initial elementor-widget elementor-widget-heading\" data-id=\"27660f7c\" data-element_type=\"widget\" data-e-type=\"widget\" data-widget_type=\"heading.default\">\n\t\t\t\t\t<h3 class=\"elementor-heading-title elementor-size-default\">Quins conductors estan exempts del CAP ?<\/h3>\t\t\t\t<\/div>\n\t\t\t\t<div class=\"elementor-element elementor-element-43bb801f elementor-widget elementor-widget-text-editor\" data-id=\"43bb801f\" data-element_type=\"widget\" data-e-type=\"widget\" data-widget_type=\"text-editor.default\">\n\t\t\t\t\t\t\t\t\t<h5 class=\"articulo\">Art\u00edculo 2. Exenciones.<\/h5><p class=\"parrafo\">1. Lo dispuesto en este real decreto no ser\u00e1 de aplicaci\u00f3n a los conductores de los siguientes veh\u00edculos:<\/p><p class=\"parrafo_2\">a) Aquellos cuya velocidad m\u00e1xima autorizada no supere los 45 kil\u00f3metros por hora.<\/p><p class=\"parrafo\">b) Los que se utilicen por los servicios de las Fuerzas Armadas, la protecci\u00f3n civil, los bomberos, los Cuerpos y Fuerzas de Seguridad y los servicios de ambulancias de emergencia, o bajo el control de las mencionadas fuerzas y organismos, siempre que el transporte sea consecuencia de las funciones correspondientes a dichos servicios.<\/p><p class=\"parrafo\">c) Los que est\u00e9n siendo sometidos a pruebas en carretera para fines de mejora t\u00e9cnica, reparaci\u00f3n o mantenimiento, o bien sean nuevos o transformados y a\u00fan no se hayan puesto en circulaci\u00f3n.<\/p><p class=\"parrafo\">d) Aquellos que exijan estar en posesi\u00f3n de un permiso de conducir de las categor\u00edas D o D1, conducidos, sin pasajeros, por personal de mantenimiento en los desplazamientos hacia o desde el centro de mantenimiento a la empresa de transportes para la que efect\u00faa el mantenimiento, siempre que la conducci\u00f3n no constituya la actividad principal del conductor.<\/p><p class=\"parrafo\">e) Los utilizados en situaciones de emergencia o que se encuentren destinados a misiones de salvamento, incluidos los utilizados en el transporte humanitario sin \u00e1nimo de lucro.<\/p><p class=\"parrafo\">f) Los utilizados en las clases pr\u00e1cticas y en los ex\u00e1menes destinados a la obtenci\u00f3n del permiso de conducci\u00f3n o del certificado de aptitud profesional, siempre que no se realice un transporte durante dichas actividades.<\/p><p class=\"parrafo\">g) Los utilizados para realizar transporte privado particular de viajeros o mercanc\u00edas definido en el art\u00edculo 101 de la Ley 16\/1987, de 30 de julio, de Ordenaci\u00f3n de los Transportes Terrestres.<\/p><p class=\"parrafo\">h) Los utilizados para realizar transporte privado complementario en los que exclusivamente se transporten materiales, equipos o maquinaria para uso del conductor en el ejercicio de su profesi\u00f3n, siempre que la conducci\u00f3n del veh\u00edculo no constituya la actividad principal de dicho conductor.<\/p><p class=\"parrafo\">i) Los utilizados para realizar las modalidades de transporte se\u00f1aladas en las letras b) y e) del art\u00edculo 33.2 del Reglamento de la Ley de Ordenaci\u00f3n de los Transportes Terrestres, aprobado por el Real Decreto 1211\/1990, de 28 de septiembre.<\/p><p class=\"parrafo\">j) Los utilizados para circular en las zonas rurales para el abastecimiento de la propia empresa del conductor, siempre que se trate de transporte privado complementario y sea ocasional.<\/p><p class=\"parrafo\">k) Los veh\u00edculos utilizados o alquilados sin conductor por empresas agr\u00edcolas, hort\u00edcolas, forestales, ganaderas o pesqueras para el transporte de mercanc\u00edas en el marco de su propia actividad empresarial, salvo si la conducci\u00f3n forma parte de la actividad principal del conductor o si la conducci\u00f3n supera una distancia superior a 100 kil\u00f3metros alrededor del centro de explotaci\u00f3n.<\/p><p class=\"parrafo_2\">2. A los efectos previstos en las letras d), h) y k) del apartado anterior, se considerar\u00e1 que la conducci\u00f3n no es la actividad principal del conductor cuando represente menos del treinta por ciento de su trabajo mensual.<\/p>\t\t\t\t\t\t\t\t<\/div>\n\t\t\t\t<\/div>\n\t\t\t\t\t<\/div>\n\t\t\t\t<\/div>\n\t\t\t\t<\/div>\n\t\t","protected":false},"excerpt":{"rendered":"<p>Cursos CAP per a conductors professionals El CAP \u00e9s el Certificat mitjan\u00e7ant el qual superant els ex\u00e0mens exigits habilita per a la realitzaci\u00f3 del transport discrecional de viatgers i de mercaderies per carretera, obligatori des de l\u201911 de setembre de 2008 per a viatgers i a partir de l\u201911 de setembre de 2009 per a [&hellip;]<\/p>\n","protected":false},"author":7,"featured_media":0,"parent":4705,"menu_order":0,"comment_status":"closed","ping_status":"closed","template":"elementor_header_footer","meta":{"footnotes":""},"class_list":["post-4707","page","type-page","status-publish","hentry"],"_links":{"self":[{"href":"https:\/\/www.autoescolaolivella.com\/index.php\/wp-json\/wp\/v2\/pages\/4707","targetHints":{"allow":["GET"]}}],"collection":[{"href":"https:\/\/www.autoescolaolivella.com\/index.php\/wp-json\/wp\/v2\/pages"}],"about":[{"href":"https:\/\/www.autoescolaolivella.com\/index.php\/wp-json\/wp\/v2\/types\/page"}],"author":[{"embeddable":true,"href":"https:\/\/www.autoescolaolivella.com\/index.php\/wp-json\/wp\/v2\/users\/7"}],"replies":[{"embeddable":true,"href":"https:\/\/www.autoescolaolivella.com\/index.php\/wp-json\/wp\/v2\/comments?post=4707"}],"version-history":[{"count":28,"href":"https:\/\/www.autoescolaolivella.com\/index.php\/wp-json\/wp\/v2\/pages\/4707\/revisions"}],"predecessor-version":[{"id":5528,"href":"https:\/\/www.autoescolaolivella.com\/index.php\/wp-json\/wp\/v2\/pages\/4707\/revisions\/5528"}],"up":[{"embeddable":true,"href":"https:\/\/www.autoescolaolivella.com\/index.php\/wp-json\/wp\/v2\/pages\/4705"}],"wp:attachment":[{"href":"https:\/\/www.autoescolaolivella.com\/index.php\/wp-json\/wp\/v2\/media?parent=4707"}],"curies":[{"name":"wp","href":"https:\/\/api.w.org\/{rel}","templated":true}]}}