{"id":4711,"date":"2025-08-17T22:35:59","date_gmt":"2025-08-17T20:35:59","guid":{"rendered":"https:\/\/www.autoescolaolivella.com\/000000\/?page_id=4711"},"modified":"2025-09-16T15:36:32","modified_gmt":"2025-09-16T13:36:32","slug":"carretons-elevadors","status":"publish","type":"page","link":"https:\/\/www.autoescolaolivella.com\/index.php\/autoescola\/professionals\/carretons-elevadors\/","title":{"rendered":"Carnets Para Professionales (C, D, C+E)"},"content":{"rendered":"\t\t<div data-elementor-type=\"wp-page\" data-elementor-id=\"4711\" class=\"elementor elementor-4711\">\n\t\t\t\t<div class=\"elementor-element elementor-element-290aacc0 e-con-full e-flex e-con e-parent\" data-id=\"290aacc0\" data-element_type=\"container\" data-e-type=\"container\" id=\"services\">\n\t\t\t\t<div class=\"elementor-element elementor-element-3089c9cc elementor-widget elementor-widget-drivschol-service\" data-id=\"3089c9cc\" data-element_type=\"widget\" data-e-type=\"widget\" data-widget_type=\"drivschol-service.default\">\n\t\t\t\t<div class=\"elementor-widget-container\">\n\t\t\t\t\t\t<!-- Service Style One Start -->\r\n\t<section class=\"service-one service-one__home\">\r\n\t\t<div class=\"container\">\r\n\t\t\t<div class=\"row\">\r\n\t\t\t\t<div class=\"col-md-12\">\r\n\t\t\t\t\t<div class=\"sec-title  text-center wow fadeInUp\" data-wow-duration='300ms'>\r\n\t\t\t\t\t\t\t\t\t\t\t\t\t<h6 class=\"sec-title__tagline\">\r\n\t\t\t\t\t\t\t\t<span aria-hidden=\"true\" class=\"sec-title__img icon-left-arrow\"><\/span>\t\t\t\t\t\t\t\tDescobreix els permisos per camions, autobusos i vehicles pesants\t\t\t\t\t\t\t\t<span aria-hidden=\"true\" class=\"sec-title__img icon-right-arrow\"><\/span>\t\t\t\t\t\t\t<\/h6><!-- \/.sec-title__tagline -->\r\n\t\t\t\t\t\t\t\t\t\t\t\t<h3 class=\"sec-title__title\">Fes de la conducci\u00f3 la teva professi\u00f3<\/h3>\t\t\t\t\t<\/div><!-- \/.sec-title -->\r\n\t\t\t\t\t<!-- section-title -->\r\n\t\t\t\t<\/div>\r\n\t\t\t<\/div>\r\n\t\t\t<div class=\"row gutter-y-30\">\r\n\t\t\t\t\t\t\t\t\t<div class=\"col-md-6 col-lg-4\">\r\n\t\t\t\t\t\t<div class=\"service-card service-card-one  wow fadeInUp animated\" data-wow-duration='1500ms' data-wow-delay='000ms'>\r\n\r\n\t\t\t\t\t\t\t<div class=\"service-card__image\">\r\n\t\t\t\t\t\t\t\t<img decoding=\"async\" src=\"https:\/\/www.autoescolaolivella.com\/assets\/2025\/09\/PermisC.jpg\" alt=\"Perm\u00edsC\" title=\"Perm\u00edsC\" >\t\t\t\t\t\t\t<\/div><!-- \/.blog-card__image -->\r\n\r\n\t\t\t\t\t\t\t<div class=\"service-card__content\">\r\n\t\t\t\t\t\t\t\t<h3 class=\"service-card__title\">\r\n\t\t\t\t\t\t\t\t\t<a href=\"https:\/\/bracketweb.com\/drivscholwp\/safety-instruction\/\" target=\"_blank\" rel=\"noopener\">Perm\u00eds C<\/a>\r\n\t\t\t\t\t\t\t\t<\/h3>\r\n\t\t\t\t\t\t\t\t<p class=\"service-card__text\">\r\n\t\t\t\t\t\t\t\t\tPer conduir camions de gran tonatge i vehicles destinats al transport de mercaderies. Ideal per a aquells que volen treballar en el sector log\u00edstic i del transport professional.\t\t\t\t\t\t\t\t<\/p><!-- \/.blog-card-two__text -->\r\n\t\t\t\t\t\t\t<\/div><!-- \/.blog-card__content -->\r\n\t\t\t\t\t\t\t\t\t\t\t\t\t\t\t<div class=\"service-card__bth\">\r\n\t\t\t\t\t\t\t\t\t<a href=\"https:\/\/bracketweb.com\/drivscholwp\/safety-instruction\/\" class=\"drivschol-btn drivschol-btn--base2\" target=\"_blank\" rel=\"noopener\">Llegeix m\u00e9s <i aria-hidden=\"true\" class=\" icon-pluse\"><\/i><\/a>\r\n\t\t\t\t\t\t\t\t<\/div>\r\n\t\t\t\t\t\t\t\t\t\t\t\t\t<\/div><!-- \/.blog-card -->\r\n\t\t\t\t\t<\/div><!-- \/.col-md-6 col-lg-4 -->\r\n\t\t\t\t\t\t\t\t\t<div class=\"col-md-6 col-lg-4\">\r\n\t\t\t\t\t\t<div class=\"service-card service-card-one  wow fadeInUp animated\" data-wow-duration='1500ms' data-wow-delay='000ms'>\r\n\r\n\t\t\t\t\t\t\t<div class=\"service-card__image\">\r\n\t\t\t\t\t\t\t\t<img decoding=\"async\" src=\"https:\/\/www.autoescolaolivella.com\/assets\/2025\/09\/Imagen-de-WhatsApp-2025-09-16-a-las-14.21.53_ae86e3c1-e1758025368860.jpg\" alt=\"Imagen de WhatsApp 2025-09-16 a las 14.21.53_ae86e3c1\" title=\"Imagen de WhatsApp 2025-09-16 a las 14.21.53_ae86e3c1\" >\t\t\t\t\t\t\t<\/div><!-- \/.blog-card__image -->\r\n\r\n\t\t\t\t\t\t\t<div class=\"service-card__content\">\r\n\t\t\t\t\t\t\t\t<h3 class=\"service-card__title\">\r\n\t\t\t\t\t\t\t\t\t<a href=\"https:\/\/bracketweb.com\/drivscholwp\/safety-instruction\/\" target=\"_blank\" rel=\"noopener\">Perm\u00eds D<\/a>\r\n\t\t\t\t\t\t\t\t<\/h3>\r\n\t\t\t\t\t\t\t\t<p class=\"service-card__text\">\r\n\t\t\t\t\t\t\t\t\tPer conduir autobusos i autocars amb passatgers. \u00c9s imprescindible per dedicar-se al transport p\u00fablic o tur\u00edstic i obrir portes a una professi\u00f3 amb molta demanda.\t\t\t\t\t\t\t\t<\/p><!-- \/.blog-card-two__text -->\r\n\t\t\t\t\t\t\t<\/div><!-- \/.blog-card__content -->\r\n\t\t\t\t\t\t\t\t\t\t\t\t\t\t\t<div class=\"service-card__bth\">\r\n\t\t\t\t\t\t\t\t\t<a href=\"https:\/\/bracketweb.com\/drivscholwp\/safety-instruction\/\" class=\"drivschol-btn drivschol-btn--base2\" target=\"_blank\" rel=\"noopener\">Llegeix m\u00e9s <i aria-hidden=\"true\" class=\"fas fa-plus\"><\/i><\/a>\r\n\t\t\t\t\t\t\t\t<\/div>\r\n\t\t\t\t\t\t\t\t\t\t\t\t\t<\/div><!-- \/.blog-card -->\r\n\t\t\t\t\t<\/div><!-- \/.col-md-6 col-lg-4 -->\r\n\t\t\t\t\t\t\t\t\t<div class=\"col-md-6 col-lg-4\">\r\n\t\t\t\t\t\t<div class=\"service-card service-card-one  wow fadeInUp animated\" data-wow-duration='1500ms' data-wow-delay='000ms'>\r\n\r\n\t\t\t\t\t\t\t<div class=\"service-card__image\">\r\n\t\t\t\t\t\t\t\t<img decoding=\"async\" src=\"https:\/\/www.autoescolaolivella.com\/assets\/2025\/09\/Imagen-de-WhatsApp-2025-09-16-a-las-12.32.46_fab7c85e.jpg\" alt=\"Imagen de WhatsApp 2025-09-16 a las 12.32.46_fab7c85e\" title=\"Imagen de WhatsApp 2025-09-16 a las 12.32.46_fab7c85e\" >\t\t\t\t\t\t\t<\/div><!-- \/.blog-card__image -->\r\n\r\n\t\t\t\t\t\t\t<div class=\"service-card__content\">\r\n\t\t\t\t\t\t\t\t<h3 class=\"service-card__title\">\r\n\t\t\t\t\t\t\t\t\t<a href=\"https:\/\/bracketweb.com\/drivscholwp\/driving-license\/\" target=\"_blank\" rel=\"noopener\">Perm\u00eds C+E<\/a>\r\n\t\t\t\t\t\t\t\t<\/h3>\r\n\t\t\t\t\t\t\t\t<p class=\"service-card__text\">\r\n\t\t\t\t\t\t\t\t\tPer portar conjunts de vehicles amb remolc gran, com tr\u00e0ilers i articulats. Permet accedir a feines de transport internacional i de llarga dist\u00e0ncia amb m\u00e9s capacitat de c\u00e0rrega.\t\t\t\t\t\t\t\t<\/p><!-- \/.blog-card-two__text -->\r\n\t\t\t\t\t\t\t<\/div><!-- \/.blog-card__content -->\r\n\t\t\t\t\t\t\t\t\t\t\t\t\t\t\t<div class=\"service-card__bth\">\r\n\t\t\t\t\t\t\t\t\t<a href=\"https:\/\/bracketweb.com\/drivscholwp\/driving-license\/\" class=\"drivschol-btn drivschol-btn--base2\" target=\"_blank\" rel=\"noopener\">Llegeix m\u00e9s <i aria-hidden=\"true\" class=\"fas fa-plus\"><\/i><\/a>\r\n\t\t\t\t\t\t\t\t<\/div>\r\n\t\t\t\t\t\t\t\t\t\t\t\t\t<\/div><!-- \/.blog-card -->\r\n\t\t\t\t\t<\/div><!-- \/.col-md-6 col-lg-4 -->\r\n\t\t\t\t\t\t\t<\/div><!-- \/.row -->\r\n\t\t<\/div><!-- \/.container -->\r\n\t<\/section><!-- \/.service-one -->\r\n\t<!-- Service Style One End -->\r\n\t\t\t\t<\/div>\n\t\t\t\t<\/div>\n\t\t\t\t<\/div>\n\t\t\t\t<\/div>\n\t\t","protected":false},"excerpt":{"rendered":"<p>Descobreix els permisos per camions, autobusos i vehicles pesants Fes de la conducci\u00f3 la teva professi\u00f3 Perm\u00eds C Per conduir camions de gran tonatge i vehicles destinats al transport de mercaderies. Ideal per a aquells que volen treballar en el sector log\u00edstic i del transport professional. Llegeix m\u00e9s Perm\u00eds D Per conduir autobusos i autocars [&hellip;]<\/p>\n","protected":false},"author":7,"featured_media":0,"parent":4705,"menu_order":0,"comment_status":"closed","ping_status":"closed","template":"elementor_header_footer","meta":{"footnotes":""},"class_list":["post-4711","page","type-page","status-publish","hentry"],"_links":{"self":[{"href":"https:\/\/www.autoescolaolivella.com\/index.php\/wp-json\/wp\/v2\/pages\/4711","targetHints":{"allow":["GET"]}}],"collection":[{"href":"https:\/\/www.autoescolaolivella.com\/index.php\/wp-json\/wp\/v2\/pages"}],"about":[{"href":"https:\/\/www.autoescolaolivella.com\/index.php\/wp-json\/wp\/v2\/types\/page"}],"author":[{"embeddable":true,"href":"https:\/\/www.autoescolaolivella.com\/index.php\/wp-json\/wp\/v2\/users\/7"}],"replies":[{"embeddable":true,"href":"https:\/\/www.autoescolaolivella.com\/index.php\/wp-json\/wp\/v2\/comments?post=4711"}],"version-history":[{"count":14,"href":"https:\/\/www.autoescolaolivella.com\/index.php\/wp-json\/wp\/v2\/pages\/4711\/revisions"}],"predecessor-version":[{"id":5513,"href":"https:\/\/www.autoescolaolivella.com\/index.php\/wp-json\/wp\/v2\/pages\/4711\/revisions\/5513"}],"up":[{"embeddable":true,"href":"https:\/\/www.autoescolaolivella.com\/index.php\/wp-json\/wp\/v2\/pages\/4705"}],"wp:attachment":[{"href":"https:\/\/www.autoescolaolivella.com\/index.php\/wp-json\/wp\/v2\/media?parent=4711"}],"curies":[{"name":"wp","href":"https:\/\/api.w.org\/{rel}","templated":true}]}}