{"id":5087,"date":"2025-09-04T11:13:34","date_gmt":"2025-09-04T09:13:34","guid":{"rendered":"https:\/\/www.autoescolaolivella.com\/000000\/?page_id=5087"},"modified":"2025-09-04T11:32:29","modified_gmt":"2025-09-04T09:32:29","slug":"avis-legal","status":"publish","type":"page","link":"https:\/\/www.autoescolaolivella.com\/index.php\/avis-legal\/","title":{"rendered":"AV\u00cdS LEGAL"},"content":{"rendered":"\t\t<div data-elementor-type=\"wp-page\" data-elementor-id=\"5087\" class=\"elementor elementor-5087\">\n\t\t\t\t<div class=\"elementor-element elementor-element-5963ab9c service-details e-flex e-con-boxed e-con e-parent\" data-id=\"5963ab9c\" data-element_type=\"container\" data-e-type=\"container\">\n\t\t\t\t\t<div class=\"e-con-inner\">\n\t\t<div class=\"elementor-element elementor-element-31a9b9da e-con-full service-details__content e-flex e-con e-child\" data-id=\"31a9b9da\" data-element_type=\"container\" data-e-type=\"container\">\n\t\t\t\t<div class=\"elementor-element elementor-element-7f4af581 elementor-widget__width-inherit elementor-widget elementor-widget-heading\" data-id=\"7f4af581\" data-element_type=\"widget\" data-e-type=\"widget\" data-widget_type=\"heading.default\">\n\t\t\t\t\t<h3 class=\"elementor-heading-title elementor-size-default\">Av\u00eds Legal<\/h3>\t\t\t\t<\/div>\n\t\t\t\t<div class=\"elementor-element elementor-element-576b44a3 elementor-widget elementor-widget-text-editor\" data-id=\"576b44a3\" data-element_type=\"widget\" data-e-type=\"widget\" data-widget_type=\"text-editor.default\">\n\t\t\t\t\t\t\t\t\t<p style=\"margin-right: 0px; margin-bottom: 0px; margin-left: 0px; padding: 0px 0px 20px; border: 0px; outline: 0px; font-size: 1.1em; vertical-align: baseline; background-image: initial; background-position: initial; background-size: initial; background-repeat: initial; background-attachment: initial; background-origin: initial; background-clip: initial; line-height: 1.8em; color: #333333; font-family: sans-serif;\">Per tal de donar compliment a l\u2019article 10 de la Llei 34\/2002 de Serveis de la Societat de la Informaci\u00f3 i del Comer\u00e7 Electr\u00f2nic, informem als usuaris de les nostres dades:<\/p><p style=\"margin-right: 0px; margin-bottom: 0px; margin-left: 0px; padding: 0px 0px 20px; border: 0px; outline: 0px; font-size: 1.1em; vertical-align: baseline; background-image: initial; background-position: initial; background-size: initial; background-repeat: initial; background-attachment: initial; background-origin: initial; background-clip: initial; line-height: 1.8em; color: #333333; font-family: sans-serif;\">Denominaci\u00f3 Social:\u00a0<strong style=\"margin: 0px; padding: 0px; border: 0px; outline: 0px; font-size: 14.08px; vertical-align: baseline; background: transparent; color: #5d6a3a;\">AUTOESCOLA OLIVELLA, S.L.<\/strong><\/p><p style=\"margin-right: 0px; margin-bottom: 0px; margin-left: 0px; padding: 0px 0px 20px; border: 0px; outline: 0px; font-size: 1.1em; vertical-align: baseline; background-image: initial; background-position: initial; background-size: initial; background-repeat: initial; background-attachment: initial; background-origin: initial; background-clip: initial; line-height: 1.8em; color: #333333; font-family: sans-serif;\">Domicili Social:<strong style=\"margin: 0px; padding: 0px; border: 0px; outline: 0px; font-size: 14.08px; vertical-align: baseline; background: transparent; color: #5d6a3a;\">\u00a0Rambla Nostra Senyora 26, 08720, Vilafranca del Pened\u00e8s, Barcelona<\/strong><\/p><p style=\"margin-right: 0px; margin-bottom: 0px; margin-left: 0px; padding: 0px 0px 20px; border: 0px; outline: 0px; font-size: 1.1em; vertical-align: baseline; background-image: initial; background-position: initial; background-size: initial; background-repeat: initial; background-attachment: initial; background-origin: initial; background-clip: initial; line-height: 1.8em; color: #333333; font-family: sans-serif;\">NIF:\u00a0<strong style=\"margin: 0px; padding: 0px; border: 0px; outline: 0px; font-size: 14.08px; vertical-align: baseline; background: transparent; color: #5d6a3a;\">B60723152<\/strong><br \/>Tel\u00e8fon:<strong style=\"margin: 0px; padding: 0px; border: 0px; outline: 0px; font-size: 14.08px; vertical-align: baseline; background: transparent; color: #5d6a3a;\">\u00a0938922408<\/strong><\/p><p style=\"margin-right: 0px; margin-bottom: 0px; margin-left: 0px; padding: 0px 0px 20px; border: 0px; outline: 0px; font-size: 1.1em; vertical-align: baseline; background-image: initial; background-position: initial; background-size: initial; background-repeat: initial; background-attachment: initial; background-origin: initial; background-clip: initial; line-height: 1.8em; color: #333333; font-family: sans-serif;\">E-Mail:\u00a0<a style=\"margin: 0px; padding: 0px; font-size: 14.08px; vertical-align: baseline; background: transparent; transition: color 0.3s ease-in-out; color: #658700; -webkit-tap-highlight-color: #fcd700;\" href=\"mailto:autoescola@gestoriaolivella.com\"><strong style=\"margin: 0px; padding: 0px; border: 0px; outline: 0px; font-size: 14.08px; vertical-align: baseline; background: transparent; color: #5d6a3a;\">autoescola@gestoriaolivella.com<\/strong><\/a><\/p><p style=\"margin-right: 0px; margin-bottom: 0px; margin-left: 0px; padding: 0px 0px 20px; border: 0px; outline: 0px; font-size: 1.1em; vertical-align: baseline; background-image: initial; background-position: initial; background-size: initial; background-repeat: initial; background-attachment: initial; background-origin: initial; background-clip: initial; line-height: 1.8em; color: #333333; font-family: sans-serif;\">Web:\u00a0<a style=\"margin: 0px; padding: 0px; font-size: 14.08px; vertical-align: baseline; background: transparent; transition: color 0.3s ease-in-out; color: #658700; -webkit-tap-highlight-color: #fcd700;\" href=\"http:\/\/www.autoescolaolivella.com\/\"><strong style=\"margin: 0px; padding: 0px; border: 0px; outline: 0px; font-size: 14.08px; vertical-align: baseline; background: transparent; color: #5d6a3a;\">www.autoescolaolivella.com<\/strong><\/a><\/p><p style=\"margin-right: 0px; margin-bottom: 0px; margin-left: 0px; padding: 0px 0px 20px; border: 0px; outline: 0px; font-size: 1.1em; vertical-align: baseline; background-image: initial; background-position: initial; background-size: initial; background-repeat: initial; background-attachment: initial; background-origin: initial; background-clip: initial; line-height: 1.8em; color: #333333; font-family: sans-serif;\">Dades Registrals:\u00a0<strong style=\"margin: 0px; padding: 0px; border: 0px; outline: 0px; font-size: 14.08px; vertical-align: baseline; background: transparent; color: #5d6a3a;\">Registre Mercantil de Barcelona Tom 27744, foli 50, full 122449, Inscripci\u00f3 1.<\/strong><\/p><p style=\"margin-right: 0px; margin-bottom: 0px; margin-left: 0px; padding: 0px 0px 20px; border: 0px; outline: 0px; font-size: 1.1em; vertical-align: baseline; background-image: initial; background-position: initial; background-size: initial; background-repeat: initial; background-attachment: initial; background-origin: initial; background-clip: initial; line-height: 1.8em; color: #333333; font-family: sans-serif;\"><strong style=\"margin: 0px; padding: 0px; border: 0px; outline: 0px; font-size: 14.08px; vertical-align: baseline; background: transparent; color: #5d6a3a;\">1.- OBJECTE<\/strong><\/p><p style=\"margin-right: 0px; margin-bottom: 0px; margin-left: 0px; padding: 0px 0px 20px; border: 0px; outline: 0px; font-size: 1.1em; vertical-align: baseline; background-image: initial; background-position: initial; background-size: initial; background-repeat: initial; background-attachment: initial; background-origin: initial; background-clip: initial; line-height: 1.8em; color: #333333; font-family: sans-serif;\"><strong style=\"margin: 0px; padding: 0px; border: 0px; outline: 0px; font-size: 14.08px; vertical-align: baseline; background: transparent; color: #5d6a3a;\">AUTOESCOLA OLIVELLA, S.L.\u00a0<\/strong>(Des d\u2019ara tamb\u00e9 el prestador) com responsable del lloc web, posa a disposici\u00f3 dels usuaris el present document, que regula l\u2019\u00fas del lloc web\u00a0<a style=\"margin: 0px; padding: 0px; font-size: 14.08px; vertical-align: baseline; background: transparent; transition: color 0.3s ease-in-out; color: #658700; -webkit-tap-highlight-color: #fcd700;\" href=\"http:\/\/www.autoescolaolivella.com\/\"><strong style=\"margin: 0px; padding: 0px; border: 0px; outline: 0px; font-size: 14.08px; vertical-align: baseline; background: transparent; color: #5d6a3a;\">www.autoescolaolivella.com<\/strong><\/a>, amb el qual pretenem donar compliment a les obligacions que disposa la Llei 34\/2002, de serveis de la Societat de la Informaci\u00f3 i del Comer\u00e7 Electr\u00f2nic (LSSICE o LSSI), aix\u00ed com informar a tots els usuaris del lloc web respecte de quines s\u00f3n les condicions d\u2019\u00fas del lloc web.<\/p><p style=\"margin-right: 0px; margin-bottom: 0px; margin-left: 0px; padding: 0px 0px 20px; border: 0px; outline: 0px; font-size: 1.1em; vertical-align: baseline; background-image: initial; background-position: initial; background-size: initial; background-repeat: initial; background-attachment: initial; background-origin: initial; background-clip: initial; line-height: 1.8em; color: #333333; font-family: sans-serif;\">A trav\u00e9s del web,\u00a0<strong style=\"margin: 0px; padding: 0px; border: 0px; outline: 0px; font-size: 14.08px; vertical-align: baseline; background: transparent; color: #5d6a3a;\">AUTOESCOLA OLIVELLA, S.L.<\/strong>\u00a0facilita als usuaris l\u2019acc\u00e9s i utilitzaci\u00f3 de diferents serveis i continguts posats a disposici\u00f3 a trav\u00e9s del web.<\/p><p style=\"margin-right: 0px; margin-bottom: 0px; margin-left: 0px; padding: 0px 0px 20px; border: 0px; outline: 0px; font-size: 1.1em; vertical-align: baseline; background-image: initial; background-position: initial; background-size: initial; background-repeat: initial; background-attachment: initial; background-origin: initial; background-clip: initial; line-height: 1.8em; color: #333333; font-family: sans-serif;\">Tota persona que accedeixi a aquest web assumeix el paper d\u2019usuari (en endavant l\u2019usuari), i implica l\u2019acceptaci\u00f3 total i sense reserves de totes i cadascuna de les disposicions incloses en aquest av\u00eds legal, aix\u00ed com qualssevol altres disposicions legals que fossin d\u2019aplicaci\u00f3.<\/p><p style=\"margin-right: 0px; margin-bottom: 0px; margin-left: 0px; padding: 0px 0px 20px; border: 0px; outline: 0px; font-size: 1.1em; vertical-align: baseline; background-image: initial; background-position: initial; background-size: initial; background-repeat: initial; background-attachment: initial; background-origin: initial; background-clip: initial; line-height: 1.8em; color: #333333; font-family: sans-serif;\">Com a usuaris, han de llegir atentament aquest Av\u00eds Legal en qualsevol de les ocasions que entrin al web perqu\u00e8 aquesta pot patir modificacions ja que el prestador es reserva el dret a modificar qualsevol tipus d\u2019informaci\u00f3 que pogu\u00e9s apar\u00e8ixer a la web, sense que hi hagi l\u2019obligaci\u00f3 de pre-avisar o posar en coneixement dels usuaris aquestes obligacions, essent suficients la publicaci\u00f3 al lloc web del prestador.<\/p><p style=\"margin-right: 0px; margin-bottom: 0px; margin-left: 0px; padding: 0px 0px 20px; border: 0px; outline: 0px; font-size: 1.1em; vertical-align: baseline; background-image: initial; background-position: initial; background-size: initial; background-repeat: initial; background-attachment: initial; background-origin: initial; background-clip: initial; line-height: 1.8em; color: #333333; font-family: sans-serif;\"><strong style=\"margin: 0px; padding: 0px; border: 0px; outline: 0px; font-size: 14.08px; vertical-align: baseline; background: transparent; color: #5d6a3a;\">2. CONDICIONS D\u2019ACC\u00c9S I \u00daS DEL WEB.<\/strong><\/p><p style=\"margin-right: 0px; margin-bottom: 0px; margin-left: 0px; padding: 0px 0px 20px; border: 0px; outline: 0px; font-size: 1.1em; vertical-align: baseline; background-image: initial; background-position: initial; background-size: initial; background-repeat: initial; background-attachment: initial; background-origin: initial; background-clip: initial; line-height: 1.8em; color: #333333; font-family: sans-serif;\"><strong style=\"margin: 0px; padding: 0px; border: 0px; outline: 0px; font-size: 14.08px; vertical-align: baseline; background: transparent; color: #5d6a3a;\">2.1. Car\u00e0cter gratu\u00eft de l\u2019acc\u00e9s i \u00fas del web.<\/strong><\/p><p style=\"margin-right: 0px; margin-bottom: 0px; margin-left: 0px; padding: 0px 0px 20px; border: 0px; outline: 0px; font-size: 1.1em; vertical-align: baseline; background-image: initial; background-position: initial; background-size: initial; background-repeat: initial; background-attachment: initial; background-origin: initial; background-clip: initial; line-height: 1.8em; color: #333333; font-family: sans-serif;\">La prestaci\u00f3 dels serveis per part de\u00a0<strong style=\"margin: 0px; padding: 0px; border: 0px; outline: 0px; font-size: 14.08px; vertical-align: baseline; background: transparent; color: #5d6a3a;\">AUTOESCOLA OLIVELLA, S.L.\u00a0<\/strong>t\u00e9 car\u00e0cter gratu\u00eft per a tots els usuaris.<\/p><p style=\"margin-right: 0px; margin-bottom: 0px; margin-left: 0px; padding: 0px 0px 20px; border: 0px; outline: 0px; font-size: 1.1em; vertical-align: baseline; background-image: initial; background-position: initial; background-size: initial; background-repeat: initial; background-attachment: initial; background-origin: initial; background-clip: initial; line-height: 1.8em; color: #333333; font-family: sans-serif;\"><strong style=\"margin: 0px; padding: 0px; border: 0px; outline: 0px; font-size: 14.08px; vertical-align: baseline; background: transparent; color: #5d6a3a;\">2.2. Registre d\u2019Usuari.<\/strong><\/p><p style=\"margin-right: 0px; margin-bottom: 0px; margin-left: 0px; padding: 0px 0px 20px; border: 0px; outline: 0px; font-size: 1.1em; vertical-align: baseline; background-image: initial; background-position: initial; background-size: initial; background-repeat: initial; background-attachment: initial; background-origin: initial; background-clip: initial; line-height: 1.8em; color: #333333; font-family: sans-serif;\">Amb car\u00e0cter general la prestaci\u00f3 dels Serveis no exigeix la pr\u00e8via subscripci\u00f3 o registre dels Usuaris. Tot i aix\u00ed,\u00a0<strong style=\"margin: 0px; padding: 0px; border: 0px; outline: 0px; font-size: 14.08px; vertical-align: baseline; background: transparent; color: #5d6a3a;\">AUTOESCOLA OLIVELLA, S.L.\u00a0<\/strong>condiciona l\u2019\u00fas d\u2019alguns dels serveis a la pr\u00e8via complementaci\u00f3 del corresponent registre d\u2019Usuari. Aquest registre s\u2019efectuar\u00e0 en la forma expressament indicada en la pr\u00f2pia secci\u00f3 del servei.<\/p><p style=\"margin-right: 0px; margin-bottom: 0px; margin-left: 0px; padding: 0px 0px 20px; border: 0px; outline: 0px; font-size: 1.1em; vertical-align: baseline; background-image: initial; background-position: initial; background-size: initial; background-repeat: initial; background-attachment: initial; background-origin: initial; background-clip: initial; line-height: 1.8em; color: #333333; font-family: sans-serif;\"><strong style=\"margin: 0px; padding: 0px; border: 0px; outline: 0px; font-size: 14.08px; vertical-align: baseline; background: transparent; color: #5d6a3a;\">2.3. Veracitat de la informaci\u00f3.<\/strong><\/p><p style=\"margin-right: 0px; margin-bottom: 0px; margin-left: 0px; padding: 0px 0px 20px; border: 0px; outline: 0px; font-size: 1.1em; vertical-align: baseline; background-image: initial; background-position: initial; background-size: initial; background-repeat: initial; background-attachment: initial; background-origin: initial; background-clip: initial; line-height: 1.8em; color: #333333; font-family: sans-serif;\">Tota la informaci\u00f3 que facilita l\u2019Usuari ha de ser vera\u00e7. En aquests efectes, l\u2019Usuari garanteix l\u2019autenticitat de les dades comunicades a trav\u00e9s dels formularis per a la subscripci\u00f3 dels Serveis. Ser\u00e0 responsabilitat de l\u2019Usuari mantenir tota la informaci\u00f3 facilitada a\u00a0<strong style=\"margin: 0px; padding: 0px; border: 0px; outline: 0px; font-size: 14.08px; vertical-align: baseline; background: transparent; color: #5d6a3a;\">AUTOESCOLA OLIVELLA, S.L.\u00a0<\/strong>permanentment actualitzada de manera que respongui, en cada moment, a la seva situaci\u00f3 real. En tot cas, l\u2019Usuari ser\u00e0 l\u2019\u00fanic responsable de les manifestacions falses o inexactes que realitzi i dels perjudicis que causi al prestador o a tercers.<\/p><p style=\"margin-right: 0px; margin-bottom: 0px; margin-left: 0px; padding: 0px 0px 20px; border: 0px; outline: 0px; font-size: 1.1em; vertical-align: baseline; background-image: initial; background-position: initial; background-size: initial; background-repeat: initial; background-attachment: initial; background-origin: initial; background-clip: initial; line-height: 1.8em; color: #333333; font-family: sans-serif;\"><strong style=\"margin: 0px; padding: 0px; border: 0px; outline: 0px; font-size: 14.08px; vertical-align: baseline; background: transparent; color: #5d6a3a;\">2.4. Menors d\u2019edat.<\/strong><\/p><p style=\"margin-right: 0px; margin-bottom: 0px; margin-left: 0px; padding: 0px 0px 20px; border: 0px; outline: 0px; font-size: 1.1em; vertical-align: baseline; background-image: initial; background-position: initial; background-size: initial; background-repeat: initial; background-attachment: initial; background-origin: initial; background-clip: initial; line-height: 1.8em; color: #333333; font-family: sans-serif;\">Per a l\u2019\u00fas dels serveis, els menors d\u2019edat han d\u2019obtenir sempre pr\u00e8viament el consentiment dels pares, tutors o representants legals, responsables \u00faltims de tots els actes realitzats pels menors al seu c\u00e0rrec. La responsabilitat en la determinaci\u00f3 de continguts concrets als quals accedeixen els menors correspon a aquells, \u00e9s per aix\u00f2 que si accedeixen a continguts no apropiats per Internet, s\u2019hauran d\u2019establir en els seus ordinadors mecanismes, en particular programes inform\u00e0tics, filtres i bloquejos, que permetin limitar els continguts disponibles i, tot i que no siguin infal\u00b7libles, s\u00f3n d\u2019especial utilitat per controlar i restringir els materials als quals poden accedir els menors.<\/p><p style=\"margin-right: 0px; margin-bottom: 0px; margin-left: 0px; padding: 0px 0px 20px; border: 0px; outline: 0px; font-size: 1.1em; vertical-align: baseline; background-image: initial; background-position: initial; background-size: initial; background-repeat: initial; background-attachment: initial; background-origin: initial; background-clip: initial; line-height: 1.8em; color: #333333; font-family: sans-serif;\"><strong style=\"margin: 0px; padding: 0px; border: 0px; outline: 0px; font-size: 14.08px; vertical-align: baseline; background: transparent; color: #5d6a3a;\">2.5. Obligaci\u00f3 de fer \u00fas correcte del web.<\/strong><\/p><p style=\"margin-right: 0px; margin-bottom: 0px; margin-left: 0px; padding: 0px 0px 20px; border: 0px; outline: 0px; font-size: 1.1em; vertical-align: baseline; background-image: initial; background-position: initial; background-size: initial; background-repeat: initial; background-attachment: initial; background-origin: initial; background-clip: initial; line-height: 1.8em; color: #333333; font-family: sans-serif;\">L\u2019Usuari es compromet a utilitzar el web de conformitat a la Llei i al present Av\u00eds Legal, aix\u00ed com a la moral i als bons costums. En aquest efecte, l\u2019Usuari s\u2019abstindr\u00e0 d\u2019utilitzar la p\u00e0gina amb finalitats il\u00b7l\u00edcites o prohibides, lesives de drets i interessos de tercers, o que de qualsevol forma puguin danyar, inutilitzar, sobrecarregar, deteriorar o impedir la normal utilitzaci\u00f3 d\u2019equips inform\u00e0tics o documents, arxius i tota classe de continguts emmagatzemats en qualsevol equip inform\u00e0tic del prestador.<\/p><p style=\"margin-right: 0px; margin-bottom: 0px; margin-left: 0px; padding: 0px 0px 20px; border: 0px; outline: 0px; font-size: 1.1em; vertical-align: baseline; background-image: initial; background-position: initial; background-size: initial; background-repeat: initial; background-attachment: initial; background-origin: initial; background-clip: initial; line-height: 1.8em; color: #333333; font-family: sans-serif;\">En particular, i a t\u00edtol indicatiu per\u00f2 no exhaustiu, l\u2019Usuari es compromet a no transmetre, difondre o posar a disposici\u00f3 de tercers informacions, dades, continguts, missatges, gr\u00e0fics, dibuixos, arxius de so o imatge, fotografies, enregistraments, programari i, en general, qualsevol classe de material que:<\/p><ul class=\"wp-block-list\" style=\"margin-bottom: 20px; margin-left: 2px; padding-top: 5px; border-width: 0px 0px 0px 2px; border-image: initial; outline: 0px; font-size: 12.8px; vertical-align: baseline; background-image: initial; background-position: initial; background-size: initial; background-repeat: initial; background-attachment: initial; background-origin: initial; background-clip: initial; list-style-type: none; line-height: 22px; color: #333333; font-family: sans-serif; font-weight: 400; border-color: initial initial initial #8abb00; border-style: initial initial initial solid;\"><li style=\"margin: 0px; padding: 0px 0px 7px 14px; border: 0px; outline: 0px; font-size: 12.8px; vertical-align: baseline; background: transparent;\">sigui contr\u00e0ria, menyspre\u00ef o atempti contra els drets fonamentals i les llibertats p\u00fabliques reconegudes constitucionalment, en tractats internacionals i altres normes vigents;<\/li><li style=\"margin: 0px; padding: 0px 0px 7px 14px; border: 0px; outline: 0px; font-size: 12.8px; vertical-align: baseline; background: transparent;\">indueixi, inciti o promogui actuacions delictives, denigrants, difamat\u00f2ries, violentes o, en general, contr\u00e0ries a la llei, a la moral i l\u2019ordre p\u00fablic;<\/li><li style=\"margin: 0px; padding: 0px 0px 7px 14px; border: 0px; outline: 0px; font-size: 12.8px; vertical-align: baseline; background: transparent;\">indueixi, inciti o promogui actuacions, actituds o pensaments discriminatoris per ra\u00f3 de sexe, ra\u00e7a, religi\u00f3, creences, edat o condici\u00f3;<\/li><li style=\"margin: 0px; padding: 0px 0px 7px 14px; border: 0px; outline: 0px; font-size: 12.8px; vertical-align: baseline; background: transparent;\">sigui contrari al dret a l\u2019honor, a la intimitat personal o familiar o a la pr\u00f2pia imatge de les persones;<\/li><li style=\"margin: 0px; padding: 0px 0px 7px 14px; border: 0px; outline: 0px; font-size: 12.8px; vertical-align: baseline; background: transparent;\">de qualsevol manera perjudiqui la credibilitat del prestador o de tercers; i<\/li><li style=\"margin: 0px; padding: 0px 0px 7px 14px; border: 0px; outline: 0px; font-size: 12.8px; vertical-align: baseline; background: transparent;\">constitueixi publicitat il\u00b7l\u00edcita, enganyosa o deslleial.<\/li><\/ul><p style=\"margin-right: 0px; margin-bottom: 0px; margin-left: 0px; padding: 0px 0px 20px; border: 0px; outline: 0px; font-size: 1.1em; vertical-align: baseline; background-image: initial; background-position: initial; background-size: initial; background-repeat: initial; background-attachment: initial; background-origin: initial; background-clip: initial; line-height: 1.8em; color: #333333; font-family: sans-serif;\"><strong style=\"margin: 0px; padding: 0px; border: 0px; outline: 0px; font-size: 14.08px; vertical-align: baseline; background: transparent; color: #5d6a3a;\">3.-\u00a0 EXCLUSI\u00d3 DE GARANTIES I RESPONSABILITAT<\/strong><\/p><p style=\"margin-right: 0px; margin-bottom: 0px; margin-left: 0px; padding: 0px 0px 20px; border: 0px; outline: 0px; font-size: 1.1em; vertical-align: baseline; background-image: initial; background-position: initial; background-size: initial; background-repeat: initial; background-attachment: initial; background-origin: initial; background-clip: initial; line-height: 1.8em; color: #333333; font-family: sans-serif;\">El prestador s\u2019eximeix de qualsevol tipus de responsabilitat derivada de la informaci\u00f3 publicada al nostre lloc web, sempre que aquesta informaci\u00f3 hagi estat manipulada o introdu\u00efda per un tercer ali\u00e8.<\/p><p style=\"margin-right: 0px; margin-bottom: 0px; margin-left: 0px; padding: 0px 0px 20px; border: 0px; outline: 0px; font-size: 1.1em; vertical-align: baseline; background-image: initial; background-position: initial; background-size: initial; background-repeat: initial; background-attachment: initial; background-origin: initial; background-clip: initial; line-height: 1.8em; color: #333333; font-family: sans-serif;\">Aquest web ha estat revisat i provat perqu\u00e8 funcioni correctament. En principi, es pot garantir el correcte funcionament els 365 dies de l\u2019any, 24 hores al dia. No obstant aix\u00f2, el prestador no descarta la possibilitat que existeixin determinats errors de programaci\u00f3, o que succeeixin causes de for\u00e7a major, cat\u00e0strofes naturals, vagues, o circumst\u00e0ncies semblants que facin impossible l\u2019acc\u00e9s a la p\u00e0gina web.<\/p><p style=\"margin-right: 0px; margin-bottom: 0px; margin-left: 0px; padding: 0px 0px 20px; border: 0px; outline: 0px; font-size: 1.1em; vertical-align: baseline; background-image: initial; background-position: initial; background-size: initial; background-repeat: initial; background-attachment: initial; background-origin: initial; background-clip: initial; line-height: 1.8em; color: #333333; font-family: sans-serif;\"><strong style=\"margin: 0px; padding: 0px; border: 0px; outline: 0px; font-size: 14.08px; vertical-align: baseline; background: transparent; color: #5d6a3a;\">AUTOESCOLA OLIVELLA, S.L.\u00a0<\/strong>no atorga cap garantia ni es fa responsable, en cap cas, dels danys i perjudicis de qualsevol naturalesa que puguin sortir a col\u00b7laci\u00f3 de la manca de disponibilitat, manteniment i efectiu funcionament del web o dels seus serveis i continguts; de l\u2019exist\u00e8ncia de virus, programes maliciosos o lesius en els continguts; de l\u2019\u00fas il\u00b7l\u00edcit, negligent, fraudulent o contrari a aquest Av\u00eds Legal i condicions d\u2019\u00fas; o de la falta de licitud, qualitat, fiabilitat, utilitat i disponibilitat dels serveis prestats per tercers i posats a disposici\u00f3 dels usuaris al lloc web.<\/p><p style=\"margin-right: 0px; margin-bottom: 0px; margin-left: 0px; padding: 0px 0px 20px; border: 0px; outline: 0px; font-size: 1.1em; vertical-align: baseline; background-image: initial; background-position: initial; background-size: initial; background-repeat: initial; background-attachment: initial; background-origin: initial; background-clip: initial; line-height: 1.8em; color: #333333; font-family: sans-serif;\">El prestador no es fa responsable en cap concepte dels danys que puguin dimanar de l\u2019\u00fas il\u00b7legal o indegut de la present p\u00e0gina web.<\/p><p style=\"margin-right: 0px; margin-bottom: 0px; margin-left: 0px; padding: 0px 0px 20px; border: 0px; outline: 0px; font-size: 1.1em; vertical-align: baseline; background-image: initial; background-position: initial; background-size: initial; background-repeat: initial; background-attachment: initial; background-origin: initial; background-clip: initial; line-height: 1.8em; color: #333333; font-family: sans-serif;\"><strong style=\"margin: 0px; padding: 0px; border: 0px; outline: 0px; font-size: 14.08px; vertical-align: baseline; background: transparent; color: #5d6a3a;\">4.- COOKIES<\/strong><\/p><p style=\"margin-right: 0px; margin-bottom: 0px; margin-left: 0px; padding: 0px 0px 20px; border: 0px; outline: 0px; font-size: 1.1em; vertical-align: baseline; background-image: initial; background-position: initial; background-size: initial; background-repeat: initial; background-attachment: initial; background-origin: initial; background-clip: initial; line-height: 1.8em; color: #333333; font-family: sans-serif;\">El lloc web del prestador pot utilitzar cookies (petits arxius d\u2019informaci\u00f3 que el servidor envia a l\u2019ordinador de qui accedeix a la p\u00e0gina) per dur a terme determinades funcions que s\u00f3n considerades imprescindibles per al correcte funcionament i visualitzaci\u00f3 del lloc. Les cookies utilitzades tenen, en tot cas, car\u00e0cter temporal, amb l\u2019\u00fanica finalitat de fer m\u00e9s efica\u00e7 la navegaci\u00f3, i desapareixen en acabar la sessi\u00f3 de l\u2019usuari. En cap cas s\u2019utilitzaran les cookies per recollir informaci\u00f3 de car\u00e0cter personal. Per a m\u00e9s informaci\u00f3, veure la nostra\u00a0<a style=\"margin: 0px; padding: 0px; font-size: 14.08px; vertical-align: baseline; background: transparent; transition: color 0.3s ease-in-out; color: #658700; -webkit-tap-highlight-color: #fcd700;\" href=\"https:\/\/www.autoescolaolivella.com\/politica-de-cookies\/\">Pol\u00edtica de Cookies.<\/a><\/p><p style=\"margin-right: 0px; margin-bottom: 0px; margin-left: 0px; padding: 0px 0px 20px; border: 0px; outline: 0px; font-size: 1.1em; vertical-align: baseline; background-image: initial; background-position: initial; background-size: initial; background-repeat: initial; background-attachment: initial; background-origin: initial; background-clip: initial; line-height: 1.8em; color: #333333; font-family: sans-serif;\"><strong style=\"margin: 0px; padding: 0px; border: 0px; outline: 0px; font-size: 14.08px; vertical-align: baseline; background: transparent; color: #5d6a3a;\">5.- ENLLA\u00c7OS (<em style=\"margin: 0px; padding: 0px; border: 0px; outline: 0px; font-size: 14.08px; vertical-align: baseline; background: transparent;\">LINKS<\/em>)<\/strong><\/p><p style=\"margin-right: 0px; margin-bottom: 0px; margin-left: 0px; padding: 0px 0px 20px; border: 0px; outline: 0px; font-size: 1.1em; vertical-align: baseline; background-image: initial; background-position: initial; background-size: initial; background-repeat: initial; background-attachment: initial; background-origin: initial; background-clip: initial; line-height: 1.8em; color: #333333; font-family: sans-serif;\">Des del lloc web \u00e9s possible que es redirigeixi a continguts patrocinats, anuncis i \/ o enlla\u00e7os d\u2019afiliats i \/ o de terceres webs.<\/p><p style=\"margin-right: 0px; margin-bottom: 0px; margin-left: 0px; padding: 0px 0px 20px; border: 0px; outline: 0px; font-size: 1.1em; vertical-align: baseline; background-image: initial; background-position: initial; background-size: initial; background-repeat: initial; background-attachment: initial; background-origin: initial; background-clip: initial; line-height: 1.8em; color: #333333; font-family: sans-serif;\">Entre els enlla\u00e7os facilitats, hi ha la possibilitat d\u2019informar o fer refer\u00e8ncia a productes i \/ o serveis de tercers. At\u00e8s que des de la web no podem controlar els continguts introdu\u00efts pels tercers,\u00a0<strong style=\"margin: 0px; padding: 0px; border: 0px; outline: 0px; font-size: 14.08px; vertical-align: baseline; background: transparent; color: #5d6a3a;\">AUTOESCOLA OLIVELLA, S.L.\u00a0<\/strong>no assumeix cap tipus de responsabilitat respecte a aquests continguts, ni garanteix l\u2019experi\u00e8ncia, integritat o qualitat dels seus productes. En tot cas, el prestador manifesta que procedir\u00e0 a la retirada immediata de qualsevol contingut que pogu\u00e9s contravenir la legislaci\u00f3 nacional o internacional, la moral o l\u2019ordre p\u00fablic, procedint a la retirada immediata de la re-direcci\u00f3 a aquestes webs, posant en coneixement de les autoritats competents el contingut en q\u00fcesti\u00f3.<\/p><p style=\"margin-right: 0px; margin-bottom: 0px; margin-left: 0px; padding: 0px 0px 20px; border: 0px; outline: 0px; font-size: 1.1em; vertical-align: baseline; background-image: initial; background-position: initial; background-size: initial; background-repeat: initial; background-attachment: initial; background-origin: initial; background-clip: initial; line-height: 1.8em; color: #333333; font-family: sans-serif;\"><strong style=\"margin: 0px; padding: 0px; border: 0px; outline: 0px; font-size: 14.08px; vertical-align: baseline; background: transparent; color: #5d6a3a;\">AUTOESCOLA OLIVELLA, S.L.\u00a0<\/strong>tindr\u00e0 publicats aquests enlla\u00e7os fins que siguin eliminats o suspesos pel prestador o per l\u2019anunciant, i no ser\u00e0 responsable encara que aquests anuncis puguin ser indexats per altres cercadors aliens a aquest web.<\/p><p style=\"margin-right: 0px; margin-bottom: 0px; margin-left: 0px; padding: 0px 0px 20px; border: 0px; outline: 0px; font-size: 1.1em; vertical-align: baseline; background-image: initial; background-position: initial; background-size: initial; background-repeat: initial; background-attachment: initial; background-origin: initial; background-clip: initial; line-height: 1.8em; color: #333333; font-family: sans-serif;\">El prestador no es responsabilitza de la informaci\u00f3 i continguts emmagatzemats, a t\u00edtol enunciatiu per\u00f2 no limitant, en f\u00f2rums, xats, generadors de blogs, comentaris, xarxes socials o qualsevol altre mitj\u00e0 que permeti a tercers publicar continguts de forma independent a la p\u00e0gina web del prestador. No obstant aix\u00f2 i en compliment del que disposa l\u2019art. 11 i 16 de la LSSICE, el prestador es posa a disposici\u00f3 de tots els usuaris, autoritats i forces de seguretat, i col\u00b7laborant de forma activa en la retirada o, quan sigui necessari, el bloqueig de tots aquells continguts que puguin afectar o contravenir la legislaci\u00f3 nacional, o internacional, drets de tercers o la moral i l\u2019ordre p\u00fablic. En cas que l\u2019usuari consideri que pot existir algun contingut que pogu\u00e9s ser susceptible d\u2019aquesta classificaci\u00f3, es prega que ho faci saber de forma immediata a l\u2019administrador del lloc web.<\/p><p style=\"margin-right: 0px; margin-bottom: 0px; margin-left: 0px; padding: 0px 0px 20px; border: 0px; outline: 0px; font-size: 1.1em; vertical-align: baseline; background-image: initial; background-position: initial; background-size: initial; background-repeat: initial; background-attachment: initial; background-origin: initial; background-clip: initial; line-height: 1.8em; color: #333333; font-family: sans-serif;\">Tanmateix,\u00a0<strong style=\"margin: 0px; padding: 0px; border: 0px; outline: 0px; font-size: 14.08px; vertical-align: baseline; background: transparent; color: #5d6a3a;\">AUTOESCOLA OLIVELLA, S.L.<\/strong>\u00a0l\u2019informa que qualsevol relaci\u00f3 contractual o extracontractual que l\u2019usuari formalitzi amb aquests tercers, afiliats o anunciants mitjan\u00e7ant el link proporcionat per aquest web, ser\u00e0 v\u00e0lid \u00fanicament i exclusivament entre l\u2019usuari i l\u2019anunciant i \/ o tercera persona i\u00a0<strong style=\"margin: 0px; padding: 0px; border: 0px; outline: 0px; font-size: 14.08px; vertical-align: baseline; background: transparent; color: #5d6a3a;\">AUTOESCOLA OLIVELLA, S.L.\u00a0<\/strong>no tindr\u00e0 cap tipus de responsabilitat sobre els danys o perjudicis que poguessin ser ocasionats per la prestaci\u00f3 de serveis i \/ o relacions contractuals o extracontractuals dutes a terme entre l\u2019usuari i els anunciants o tercers contactades a trav\u00e9s d\u2019aquest portal ja que el prestador nom\u00e9s actua com a intermediari o mitj\u00e0 publicitari.<\/p><p style=\"margin-right: 0px; margin-bottom: 0px; margin-left: 0px; padding: 0px 0px 20px; border: 0px; outline: 0px; font-size: 1.1em; vertical-align: baseline; background-image: initial; background-position: initial; background-size: initial; background-repeat: initial; background-attachment: initial; background-origin: initial; background-clip: initial; line-height: 1.8em; color: #333333; font-family: sans-serif;\"><strong style=\"margin: 0px; padding: 0px; border: 0px; outline: 0px; font-size: 14.08px; vertical-align: baseline; background: transparent; color: #5d6a3a;\">6.- PROTECCI\u00d3 DE DADES PERSONALS<\/strong><\/p><p style=\"margin-right: 0px; margin-bottom: 0px; margin-left: 0px; padding: 0px 0px 20px; border: 0px; outline: 0px; font-size: 1.1em; vertical-align: baseline; background-image: initial; background-position: initial; background-size: initial; background-repeat: initial; background-attachment: initial; background-origin: initial; background-clip: initial; line-height: 1.8em; color: #333333; font-family: sans-serif;\">El prestador est\u00e0 profundament comprom\u00e8s amb el compliment de la normativa de protecci\u00f3 de dades personals i garanteix el compliment \u00edntegre de les obligacions disposades, aix\u00ed com la implementaci\u00f3 de les mesures de seguretat disposades al Reglament Europeu de Protecci\u00f3 de dades i la normativa espanyola de protecci\u00f3 de dades. Per a m\u00e9s informaci\u00f3, veure la nostra\u00a0<a style=\"margin: 0px; padding: 0px; font-size: 14.08px; vertical-align: baseline; background: transparent; transition: color 0.3s ease-in-out; color: #658700; -webkit-tap-highlight-color: #fcd700;\" href=\"https:\/\/www.autoescolaolivella.com\/politica-de-privacitat\/\"><u>Pol\u00edtica de Privacitat.<\/u><\/a><\/p><p style=\"margin-right: 0px; margin-bottom: 0px; margin-left: 0px; padding: 0px 0px 20px; border: 0px; outline: 0px; font-size: 1.1em; vertical-align: baseline; background-image: initial; background-position: initial; background-size: initial; background-repeat: initial; background-attachment: initial; background-origin: initial; background-clip: initial; line-height: 1.8em; color: #333333; font-family: sans-serif;\"><strong style=\"margin: 0px; padding: 0px; border: 0px; outline: 0px; font-size: 14.08px; vertical-align: baseline; background: transparent; color: #5d6a3a;\">7.- PROPIETAT INTEL\u00b7LECTUAL I INDUSTRIAL<\/strong><\/p><p style=\"margin-right: 0px; margin-bottom: 0px; margin-left: 0px; padding: 0px 0px 20px; border: 0px; outline: 0px; font-size: 1.1em; vertical-align: baseline; background-image: initial; background-position: initial; background-size: initial; background-repeat: initial; background-attachment: initial; background-origin: initial; background-clip: initial; line-height: 1.8em; color: #333333; font-family: sans-serif;\">El lloc web, incloent a t\u00edtol enunciatiu per\u00f2 no limitatiu: la programaci\u00f3, edici\u00f3, compilaci\u00f3 i altres elements necessaris per al seu funcionament, els dissenys, logotips, textos, fotografies i \/ o gr\u00e0fics s\u00f3n propietat del prestador o, en cas que fos necessari , disposa de la llic\u00e8ncia o autoritzaci\u00f3 expressa per part dels autors. Tots els continguts del lloc web es troben degudament protegits per la normativa de propietat intel\u00b7lectual i industrial.<\/p><p style=\"margin-right: 0px; margin-bottom: 0px; margin-left: 0px; padding: 0px 0px 20px; border: 0px; outline: 0px; font-size: 1.1em; vertical-align: baseline; background-image: initial; background-position: initial; background-size: initial; background-repeat: initial; background-attachment: initial; background-origin: initial; background-clip: initial; line-height: 1.8em; color: #333333; font-family: sans-serif;\">Independentment de la finalitat per la qual fossin destinats, la reproducci\u00f3 total o parcial, \u00fas, distribuci\u00f3 i comunicaci\u00f3 p\u00fablica requereixen de l\u2019autoritzaci\u00f3 escrita pr\u00e8via per part del prestador. Qualsevol \u00fas no autoritzat pr\u00e8viament per part del prestador ser\u00e0 considerat un incompliment greu dels drets de propietat intel\u00b7lectual o industrial de l\u2019autor.<\/p><p style=\"margin-right: 0px; margin-bottom: 0px; margin-left: 0px; padding: 0px 0px 20px; border: 0px; outline: 0px; font-size: 1.1em; vertical-align: baseline; background-image: initial; background-position: initial; background-size: initial; background-repeat: initial; background-attachment: initial; background-origin: initial; background-clip: initial; line-height: 1.8em; color: #333333; font-family: sans-serif;\">Els dissenys, logotips, textos i \/ o gr\u00e0fics aliens al prestador i que puguin apar\u00e8ixer en el lloc web, pertanyen als seus respectius propietaris, sent ells mateixos responsables de qualsevol possible controv\u00e8rsia que pogu\u00e9s esdevenir respecte als mateixos. En tot cas, el prestador compta amb l\u2019autoritzaci\u00f3 expressa i pr\u00e8via per part dels mateixos.<\/p><p style=\"margin-right: 0px; margin-bottom: 0px; margin-left: 0px; padding: 0px 0px 20px; border: 0px; outline: 0px; font-size: 1.1em; vertical-align: baseline; background-image: initial; background-position: initial; background-size: initial; background-repeat: initial; background-attachment: initial; background-origin: initial; background-clip: initial; line-height: 1.8em; color: #333333; font-family: sans-serif;\">El prestador reconeix a favor dels seus titulars els corresponents drets de propietat industrial i intel\u00b7lectual, no implicant la menci\u00f3 o aparici\u00f3 en el lloc web, de l\u2019exist\u00e8ncia de drets o cap responsabilitat del prestador sobre els mateixos, com tampoc suport, patrocini o recomanaci\u00f3 per part del mateix.<\/p><p style=\"margin-right: 0px; margin-bottom: 0px; margin-left: 0px; padding: 0px 0px 20px; border: 0px; outline: 0px; font-size: 1.1em; vertical-align: baseline; background-image: initial; background-position: initial; background-size: initial; background-repeat: initial; background-attachment: initial; background-origin: initial; background-clip: initial; line-height: 1.8em; color: #333333; font-family: sans-serif;\">Per realitzar qualsevol tipus d\u2019observaci\u00f3 respecte a possibles incompliments dels drets de propietat intel\u00b7lectual o industrial, aix\u00ed com sobre qualsevol dels continguts del lloc web, pot fer-ho a trav\u00e9s del correu electr\u00f2nic dalt ressenyat.<\/p><p style=\"margin-right: 0px; margin-bottom: 0px; margin-left: 0px; padding: 0px 0px 20px; border: 0px; outline: 0px; font-size: 1.1em; vertical-align: baseline; background-image: initial; background-position: initial; background-size: initial; background-repeat: initial; background-attachment: initial; background-origin: initial; background-clip: initial; line-height: 1.8em; color: #333333; font-family: sans-serif;\"><strong style=\"margin: 0px; padding: 0px; border: 0px; outline: 0px; font-size: 14.08px; vertical-align: baseline; background: transparent; color: #5d6a3a;\">8.- LLEI APLICABLE I JURISDICCI\u00d3<\/strong><\/p><p style=\"margin-right: 0px; margin-bottom: 0px; margin-left: 0px; padding: 0px 0px 20px; border: 0px; outline: 0px; font-size: 1.1em; vertical-align: baseline; background-image: initial; background-position: initial; background-size: initial; background-repeat: initial; background-attachment: initial; background-origin: initial; background-clip: initial; line-height: 1.8em; color: #333333; font-family: sans-serif;\">Per a la resoluci\u00f3 de les controv\u00e8rsies o q\u00fcestions relacionades amb la present p\u00e0gina web o de les activitats en aquesta desenvolupades, ser\u00e0 d\u2019aplicaci\u00f3 la legislaci\u00f3 espanyola, a la qual se sotmeten expressament les parts, sent competents per a la resoluci\u00f3 de tots els conflictes derivats o relacionats amb el seu \u00fas els Jutjats i Tribunals de Barcelona.<\/p><p style=\"margin-right: 0px; margin-bottom: 0px; margin-left: 0px; padding: 0px 0px 20px; border: 0px; outline: 0px; font-size: 1.1em; vertical-align: baseline; background-image: initial; background-position: initial; background-size: initial; background-repeat: initial; background-attachment: initial; background-origin: initial; background-clip: initial; line-height: 1.8em; color: #333333; font-family: sans-serif;\">Avisos legals elaborats i validats per\u00a0<strong style=\"margin: 0px; padding: 0px; border: 0px; outline: 0px; font-size: 14.08px; vertical-align: baseline; background: transparent; color: #5d6a3a;\">PymeLegal, S.L.<\/strong>\u00a0\u2013\u00a0<a style=\"margin: 0px; padding: 0px; font-size: 14.08px; vertical-align: baseline; background: transparent; transition: color 0.3s ease-in-out; color: #658700; -webkit-tap-highlight-color: #fcd700;\" href=\"http:\/\/www.pymelegal.es\/\" target=\"_blank\" rel=\"noopener\">www.pymelegal.es<\/a><\/p>\t\t\t\t\t\t\t\t<\/div>\n\t\t\t\t<\/div>\n\t\t\t\t\t<\/div>\n\t\t\t\t<\/div>\n\t\t\t\t<\/div>\n\t\t","protected":false},"excerpt":{"rendered":"<p>Av\u00eds Legal Per tal de donar compliment a l\u2019article 10 de la Llei 34\/2002 de Serveis de la Societat de la Informaci\u00f3 i del Comer\u00e7 Electr\u00f2nic, informem als usuaris de les nostres dades: Denominaci\u00f3 Social:\u00a0AUTOESCOLA OLIVELLA, S.L. Domicili Social:\u00a0Rambla Nostra Senyora 26, 08720, Vilafranca del Pened\u00e8s, Barcelona NIF:\u00a0B60723152Tel\u00e8fon:\u00a0938922408 E-Mail:\u00a0autoescola@gestoriaolivella.com Web:\u00a0www.autoescolaolivella.com Dades Registrals:\u00a0Registre Mercantil de Barcelona [&hellip;]<\/p>\n","protected":false},"author":7,"featured_media":0,"parent":0,"menu_order":0,"comment_status":"closed","ping_status":"closed","template":"elementor_header_footer","meta":{"footnotes":""},"class_list":["post-5087","page","type-page","status-publish","hentry"],"_links":{"self":[{"href":"https:\/\/www.autoescolaolivella.com\/index.php\/wp-json\/wp\/v2\/pages\/5087","targetHints":{"allow":["GET"]}}],"collection":[{"href":"https:\/\/www.autoescolaolivella.com\/index.php\/wp-json\/wp\/v2\/pages"}],"about":[{"href":"https:\/\/www.autoescolaolivella.com\/index.php\/wp-json\/wp\/v2\/types\/page"}],"author":[{"embeddable":true,"href":"https:\/\/www.autoescolaolivella.com\/index.php\/wp-json\/wp\/v2\/users\/7"}],"replies":[{"embeddable":true,"href":"https:\/\/www.autoescolaolivella.com\/index.php\/wp-json\/wp\/v2\/comments?post=5087"}],"version-history":[{"count":7,"href":"https:\/\/www.autoescolaolivella.com\/index.php\/wp-json\/wp\/v2\/pages\/5087\/revisions"}],"predecessor-version":[{"id":5095,"href":"https:\/\/www.autoescolaolivella.com\/index.php\/wp-json\/wp\/v2\/pages\/5087\/revisions\/5095"}],"wp:attachment":[{"href":"https:\/\/www.autoescolaolivella.com\/index.php\/wp-json\/wp\/v2\/media?parent=5087"}],"curies":[{"name":"wp","href":"https:\/\/api.w.org\/{rel}","templated":true}]}}