{"id":5203,"date":"2025-09-10T23:30:35","date_gmt":"2025-09-10T21:30:35","guid":{"rendered":"https:\/\/www.autoescolaolivella.com\/000000\/?page_id=5203"},"modified":"2025-09-16T18:18:52","modified_gmt":"2025-09-16T16:18:52","slug":"adr","status":"publish","type":"page","link":"https:\/\/www.autoescolaolivella.com\/index.php\/autoescola\/professionals\/adr\/","title":{"rendered":"ADR"},"content":{"rendered":"\t\t<div data-elementor-type=\"wp-page\" data-elementor-id=\"5203\" class=\"elementor elementor-5203\">\n\t\t\t\t<div class=\"elementor-element elementor-element-190ed7f4 service-details e-flex e-con-boxed e-con e-parent\" data-id=\"190ed7f4\" data-element_type=\"container\" data-e-type=\"container\" data-settings=\"{&quot;background_background&quot;:&quot;slideshow&quot;,&quot;background_slideshow_gallery&quot;:[{&quot;id&quot;:5506,&quot;url&quot;:&quot;https:\\\/\\\/www.autoescolaolivella.com\\\/assets\\\/2025\\\/09\\\/Diseno-sin-titulo-1.png&quot;}],&quot;background_slideshow_loop&quot;:&quot;yes&quot;,&quot;background_slideshow_slide_duration&quot;:5000,&quot;background_slideshow_slide_transition&quot;:&quot;fade&quot;,&quot;background_slideshow_transition_duration&quot;:500}\">\n\t\t\t\t\t<div class=\"e-con-inner\">\n\t\t<div class=\"elementor-element elementor-element-54071606 e-con-full e-flex e-con e-child\" data-id=\"54071606\" data-element_type=\"container\" data-e-type=\"container\">\n\t\t\t\t<div class=\"elementor-element elementor-element-139b13e5 elementor-widget elementor-widget-drivschol-sidebar-call-to-action\" data-id=\"139b13e5\" data-element_type=\"widget\" data-e-type=\"widget\" data-widget_type=\"drivschol-sidebar-call-to-action.default\">\n\t\t\t\t<div class=\"elementor-widget-container\">\n\t\t\t\t\t\r\n    <div class=\"service-sidebar__single  wow fadeInUp\" data-wow-delay='500ms'>\r\n        <div class=\"service-sidebar__contact\">\r\n            <h3 class=\"service-sidebar__contact-title\">Les Properes Convocatories<\/h3>                            <div class=\"service-sidebar__contact-btn\">\r\n                    <a href=\"https:\/\/www.autoescolaolivella.com\/\"  class=\"drivschol-btn drivschol-btn--base2\">Mira<\/a>\r\n                <\/div><!-- \/.service-sidebar__contact__icon -->\r\n                        <div class=\"service-sidebar__contact-image\">\r\n                <img decoding=\"async\" src=\"https:\/\/www.autoescolaolivella.com\/assets\/2023\/12\/service-m-1.png\" alt=\"service-m-1\" title=\"service-m-1\" >            <\/div>\r\n            <div class=\"service-sidebar__contact-angle\">\r\n                <svg width=\"370\" height=\"210\" viewBox=\"0 0 370 210\" fill=\"none\" xmlns=\"http:\/\/www.w3.org\/2000\/svg\">\r\n                    <path d=\"M259.647 0L0 210H370L259.647 0Z\" fill=\"#EC2526\" \/>\r\n                <\/svg>\r\n            <\/div>\r\n        <\/div><!-- \/.service-sidebar__contact -->\r\n    <\/div>\r\n\t\t\t\t<\/div>\n\t\t\t\t<\/div>\n\t\t\t\t<\/div>\n\t\t<div class=\"elementor-element elementor-element-35538ef9 e-con-full service-details__content e-flex e-con e-child\" data-id=\"35538ef9\" data-element_type=\"container\" data-e-type=\"container\">\n\t\t\t\t<div class=\"elementor-element elementor-element-265f39a6 elementor-widget elementor-widget-heading\" data-id=\"265f39a6\" data-element_type=\"widget\" data-e-type=\"widget\" data-widget_type=\"heading.default\">\n\t\t\t\t\t<h3 class=\"elementor-heading-title elementor-size-default\">ADR \u2013 Mat\u00e8ries Perilloses<\/h3>\t\t\t\t<\/div>\n\t\t\t\t<div class=\"elementor-element elementor-element-34fd1b0 elementor-widget elementor-widget-image\" data-id=\"34fd1b0\" data-element_type=\"widget\" data-e-type=\"widget\" data-widget_type=\"image.default\">\n\t\t\t\t\t\t\t\t\t\t\t\t\t\t\t<img fetchpriority=\"high\" decoding=\"async\" width=\"320\" height=\"180\" src=\"https:\/\/www.autoescolaolivella.com\/assets\/2025\/09\/curso_expedidor-320x180.jpg\" class=\"attachment-large size-large wp-image-5507\" alt=\"\" srcset=\"https:\/\/www.autoescolaolivella.com\/assets\/2025\/09\/curso_expedidor-320x180.jpg 320w, https:\/\/www.autoescolaolivella.com\/assets\/2025\/09\/curso_expedidor-220x124.jpg 220w, https:\/\/www.autoescolaolivella.com\/assets\/2025\/09\/curso_expedidor-768x433.jpg 768w, https:\/\/www.autoescolaolivella.com\/assets\/2025\/09\/curso_expedidor-1536x865.jpg 1536w, https:\/\/www.autoescolaolivella.com\/assets\/2025\/09\/curso_expedidor-570x321.jpg 570w, https:\/\/www.autoescolaolivella.com\/assets\/2025\/09\/curso_expedidor.jpg 1640w\" sizes=\"(max-width: 320px) 100vw, 320px\" \/>\t\t\t\t\t\t\t\t\t\t\t\t\t\t\t<\/div>\n\t\t\t\t<div class=\"elementor-element elementor-element-6491eaf4 elementor-widget elementor-widget-text-editor\" data-id=\"6491eaf4\" data-element_type=\"widget\" data-e-type=\"widget\" data-widget_type=\"text-editor.default\">\n\t\t\t\t\t\t\t\t\t<p>L\u2019ADR \u00e9s l\u2019autoritzaci\u00f3 obligat\u00f2ria per conduir <strong>mercaderies perilloses per carretera<\/strong>. La necessiten conductors\/es professionals que transporten productes com <strong>combustibles, productes qu\u00edmics, explosius o radioactius<\/strong>. El termini de Validesa es de <strong>5 anys<\/strong>.<\/p><p><strong>Modalitats:<\/strong><\/p><ul><li style=\"list-style-type: none;\"><ul data-spread=\"false\"><li><p><strong>Obtenci\u00f3<\/strong> (si \u00e9s la teva primera vegada)<\/p><\/li><li><p><strong>Reciclatge<\/strong> (renovaci\u00f3 abans que caduqui)<\/p><\/li><\/ul><\/li><\/ul>\t\t\t\t\t\t\t\t<\/div>\n\t\t\t\t<div class=\"elementor-element elementor-element-392836fe elementor-widget elementor-widget-heading\" data-id=\"392836fe\" data-element_type=\"widget\" data-e-type=\"widget\" data-widget_type=\"heading.default\">\n\t\t\t\t\t<h3 class=\"elementor-heading-title elementor-size-default\">Els Nostres Tipus d'ADR<\/h3>\t\t\t\t<\/div>\n\t\t\t\t<div class=\"elementor-element elementor-element-516af722 elementor-widget elementor-widget-text-editor\" data-id=\"516af722\" data-element_type=\"widget\" data-e-type=\"widget\" data-widget_type=\"text-editor.default\">\n\t\t\t\t\t\t\t\t\t<h2><b>B\u00e0sic Com\u00fa:<\/b><\/h2><ul><li style=\"font-weight: 400;\" aria-level=\"1\"><span style=\"font-weight: 400;\">Autoritza a transportar mercaderies perilloses en vehicles sense isterna excepte d\u2019explosius (classe 1) i radiactius (classe 7) els quals tindran el seu respectiu curs.<\/span><\/li><li style=\"font-weight: 400;\" aria-level=\"1\"><b>Formaci\u00f3: <\/b><span style=\"font-weight: 400;\">4 classes que equivalen a 22 hores<\/span><\/li><li style=\"font-weight: 400;\" aria-level=\"1\"><b>Examen: <\/b><span style=\"font-weight: 400;\">1 Examen Te\u00f2ric de 30 preguntes<\/span><\/li><\/ul><h2>\u00a0<\/h2><h2><b>Cisternes:<\/b><\/h2><ul><li style=\"font-weight: 400;\" aria-level=\"1\"><span style=\"font-weight: 400;\">Autoritza a transportar mercaderies perilloses en vehicles cisterna<\/span><\/li><li style=\"font-weight: 400;\" aria-level=\"1\"><b>Formaci\u00f3: <\/b><span style=\"font-weight: 400;\">2 classes que equivalen a 11 hores<\/span><\/li><li style=\"font-weight: 400;\" aria-level=\"1\"><b>Examen: <\/b><span style=\"font-weight: 400;\">1 Examen Te\u00f2ric de 20 preguntes<\/span><\/li><\/ul><h2>\u00a0<\/h2><h2>\u00a0<\/h2><h2><b>Explosius:<\/b><\/h2><ul><li style=\"font-weight: 400;\" aria-level=\"1\"><span style=\"font-weight: 400;\">Autoritza a transportar mat\u00e8ries explosives en vehicles caixa o contenidors.\u00a0<\/span><\/li><li style=\"font-weight: 400;\" aria-level=\"1\"><span style=\"font-weight: 400;\">Per portar mat\u00e8ries explosives en cisternes \u00e9s necess\u00e0ria l\u2019Especialitzaci\u00f3 d\u2019<\/span><b>ADR en Cisternes<\/b><\/li><li style=\"font-weight: 400;\" aria-level=\"1\"><b>Formaci\u00f3: <\/b><span style=\"font-weight: 400;\">2 classes que equivalen a 11 hores<\/span><\/li><li style=\"font-weight: 400;\" aria-level=\"1\"><b>Examen: <\/b><span style=\"font-weight: 400;\">1 Examen Te\u00f2ric de 20 preguntes<\/span><\/li><\/ul><h2>\u00a0<\/h2><h2><b>Radiactius:<\/b><\/h2><ul><li style=\"font-weight: 400;\" aria-level=\"1\"><span style=\"font-weight: 400;\">Autoritza a transportar mat\u00e8ries radioactives en vehicles caixa o contenidors. Per portar mat\u00e8ries radiactives en cisternes \u00e9s necess\u00e0ria l\u2019Especialitzaci\u00f3 d\u2019<\/span><b>ADR en Cisternes<\/b><\/li><li style=\"font-weight: 400;\" aria-level=\"1\"><b>Formaci\u00f3: <\/b><span style=\"font-weight: 400;\">2 classes que equivalen a 11 hores<\/span><\/li><li style=\"font-weight: 400;\" aria-level=\"1\"><b>Examen: <\/b><span style=\"font-weight: 400;\">1 Examen Te\u00f2ric de 20 preguntes<\/span><\/li><\/ul>\t\t\t\t\t\t\t\t<\/div>\n\t\t\t\t<\/div>\n\t\t\t\t\t<\/div>\n\t\t\t\t<\/div>\n\t\t\t\t<\/div>\n\t\t","protected":false},"excerpt":{"rendered":"<p>Les Properes Convocatories Mira ADR \u2013 Mat\u00e8ries Perilloses L\u2019ADR \u00e9s l\u2019autoritzaci\u00f3 obligat\u00f2ria per conduir mercaderies perilloses per carretera. La necessiten conductors\/es professionals que transporten productes com combustibles, productes qu\u00edmics, explosius o radioactius. El termini de Validesa es de 5 anys. Modalitats: Obtenci\u00f3 (si \u00e9s la teva primera vegada) Reciclatge (renovaci\u00f3 abans que caduqui) Els Nostres [&hellip;]<\/p>\n","protected":false},"author":7,"featured_media":0,"parent":4705,"menu_order":0,"comment_status":"closed","ping_status":"closed","template":"elementor_header_footer","meta":{"footnotes":""},"class_list":["post-5203","page","type-page","status-publish","hentry"],"_links":{"self":[{"href":"https:\/\/www.autoescolaolivella.com\/index.php\/wp-json\/wp\/v2\/pages\/5203","targetHints":{"allow":["GET"]}}],"collection":[{"href":"https:\/\/www.autoescolaolivella.com\/index.php\/wp-json\/wp\/v2\/pages"}],"about":[{"href":"https:\/\/www.autoescolaolivella.com\/index.php\/wp-json\/wp\/v2\/types\/page"}],"author":[{"embeddable":true,"href":"https:\/\/www.autoescolaolivella.com\/index.php\/wp-json\/wp\/v2\/users\/7"}],"replies":[{"embeddable":true,"href":"https:\/\/www.autoescolaolivella.com\/index.php\/wp-json\/wp\/v2\/comments?post=5203"}],"version-history":[{"count":11,"href":"https:\/\/www.autoescolaolivella.com\/index.php\/wp-json\/wp\/v2\/pages\/5203\/revisions"}],"predecessor-version":[{"id":5549,"href":"https:\/\/www.autoescolaolivella.com\/index.php\/wp-json\/wp\/v2\/pages\/5203\/revisions\/5549"}],"up":[{"embeddable":true,"href":"https:\/\/www.autoescolaolivella.com\/index.php\/wp-json\/wp\/v2\/pages\/4705"}],"wp:attachment":[{"href":"https:\/\/www.autoescolaolivella.com\/index.php\/wp-json\/wp\/v2\/media?parent=5203"}],"curies":[{"name":"wp","href":"https:\/\/api.w.org\/{rel}","templated":true}]}}