{"id":5205,"date":"2025-09-10T23:30:52","date_gmt":"2025-09-10T21:30:52","guid":{"rendered":"https:\/\/www.autoescolaolivella.com\/000000\/?page_id=5205"},"modified":"2025-09-16T15:42:09","modified_gmt":"2025-09-16T13:42:09","slug":"carretons-elevadors-2","status":"publish","type":"page","link":"https:\/\/www.autoescolaolivella.com\/index.php\/autoescola\/professionals\/carretons-elevadors-2\/","title":{"rendered":"Carretons Elevadors"},"content":{"rendered":"\t\t<div data-elementor-type=\"wp-page\" data-elementor-id=\"5205\" class=\"elementor elementor-5205\">\n\t\t\t\t<div class=\"elementor-element elementor-element-1f06eb44 service-details e-flex e-con-boxed e-con e-parent\" data-id=\"1f06eb44\" data-element_type=\"container\" data-e-type=\"container\" data-settings=\"{&quot;background_background&quot;:&quot;slideshow&quot;,&quot;background_slideshow_gallery&quot;:[{&quot;id&quot;:5214,&quot;url&quot;:&quot;https:\\\/\\\/www.autoescolaolivella.com\\\/assets\\\/2025\\\/09\\\/abstract-white-background-with-wavy-shapes-flowing-and-curvy-shapes-this-asset-is-suitable-for-website-backgrounds-flyers-posters-and-digital-art-projects-free-vector.jpg&quot;}],&quot;background_slideshow_loop&quot;:&quot;yes&quot;,&quot;background_slideshow_slide_duration&quot;:5000,&quot;background_slideshow_slide_transition&quot;:&quot;fade&quot;,&quot;background_slideshow_transition_duration&quot;:500}\">\n\t\t\t\t\t<div class=\"e-con-inner\">\n\t\t<div class=\"elementor-element elementor-element-71258007 e-con-full e-flex e-con e-child\" data-id=\"71258007\" data-element_type=\"container\" data-e-type=\"container\">\n\t\t\t\t<div class=\"elementor-element elementor-element-fbb0ab4 elementor-widget elementor-widget-image\" data-id=\"fbb0ab4\" data-element_type=\"widget\" data-e-type=\"widget\" data-widget_type=\"image.default\">\n\t\t\t\t\t\t\t\t\t\t\t\t\t\t\t<img decoding=\"async\" width=\"220\" height=\"165\" src=\"https:\/\/www.autoescolaolivella.com\/assets\/2025\/09\/carretillas6-220x165-1.jpg\" class=\"attachment-large size-large wp-image-5482\" alt=\"\" \/>\t\t\t\t\t\t\t\t\t\t\t\t\t\t\t<\/div>\n\t\t\t\t<div class=\"elementor-element elementor-element-8a0b108 elementor-widget elementor-widget-image\" data-id=\"8a0b108\" data-element_type=\"widget\" data-e-type=\"widget\" data-widget_type=\"image.default\">\n\t\t\t\t\t\t\t\t\t\t\t\t\t\t\t<img decoding=\"async\" width=\"220\" height=\"165\" src=\"https:\/\/www.autoescolaolivella.com\/assets\/2025\/09\/carretillas2-220x165-1.jpg\" class=\"attachment-large size-large wp-image-5514\" alt=\"\" \/>\t\t\t\t\t\t\t\t\t\t\t\t\t\t\t<\/div>\n\t\t\t\t<div class=\"elementor-element elementor-element-e06234c elementor-widget elementor-widget-image\" data-id=\"e06234c\" data-element_type=\"widget\" data-e-type=\"widget\" data-widget_type=\"image.default\">\n\t\t\t\t\t\t\t\t\t\t\t\t\t\t\t<img decoding=\"async\" width=\"220\" height=\"165\" src=\"https:\/\/www.autoescolaolivella.com\/assets\/2025\/09\/carretillas1-220x165-1.jpg\" class=\"attachment-large size-large wp-image-5515\" alt=\"\" \/>\t\t\t\t\t\t\t\t\t\t\t\t\t\t\t<\/div>\n\t\t\t\t<div class=\"elementor-element elementor-element-ad103f7 elementor-widget elementor-widget-image\" data-id=\"ad103f7\" data-element_type=\"widget\" data-e-type=\"widget\" data-widget_type=\"image.default\">\n\t\t\t\t\t\t\t\t\t\t\t\t\t\t\t<img loading=\"lazy\" decoding=\"async\" width=\"220\" height=\"165\" src=\"https:\/\/www.autoescolaolivella.com\/assets\/2025\/09\/carretillas7-220x165-1.jpg\" class=\"attachment-large size-large wp-image-5516\" alt=\"\" \/>\t\t\t\t\t\t\t\t\t\t\t\t\t\t\t<\/div>\n\t\t\t\t<div class=\"elementor-element elementor-element-69478c2 elementor-widget elementor-widget-image\" data-id=\"69478c2\" data-element_type=\"widget\" data-e-type=\"widget\" data-widget_type=\"image.default\">\n\t\t\t\t\t\t\t\t\t\t\t\t\t\t\t<img loading=\"lazy\" decoding=\"async\" width=\"220\" height=\"165\" src=\"https:\/\/www.autoescolaolivella.com\/assets\/2025\/09\/carretillas4-220x165-1.jpg\" class=\"attachment-large size-large wp-image-5517\" alt=\"\" \/>\t\t\t\t\t\t\t\t\t\t\t\t\t\t\t<\/div>\n\t\t\t\t<div class=\"elementor-element elementor-element-45a4692 elementor-widget elementor-widget-image\" data-id=\"45a4692\" data-element_type=\"widget\" data-e-type=\"widget\" data-widget_type=\"image.default\">\n\t\t\t\t\t\t\t\t\t\t\t\t\t\t\t<img loading=\"lazy\" decoding=\"async\" width=\"220\" height=\"165\" src=\"https:\/\/www.autoescolaolivella.com\/assets\/2025\/09\/carretillas5-220x165-1.jpg\" class=\"attachment-large size-large wp-image-5518\" alt=\"\" \/>\t\t\t\t\t\t\t\t\t\t\t\t\t\t\t<\/div>\n\t\t\t\t<\/div>\n\t\t<div class=\"elementor-element elementor-element-5f8e8678 e-con-full service-details__content e-flex e-con e-child\" data-id=\"5f8e8678\" data-element_type=\"container\" data-e-type=\"container\">\n\t\t\t\t<div class=\"elementor-element elementor-element-50da2ba7 elementor-widget elementor-widget-heading\" data-id=\"50da2ba7\" data-element_type=\"widget\" data-e-type=\"widget\" data-widget_type=\"heading.default\">\n\t\t\t\t\t<h3 class=\"elementor-heading-title elementor-size-default\">Carretons Elevadors<\/h3>\t\t\t\t<\/div>\n\t\t\t\t<div class=\"elementor-element elementor-element-779a4f09 elementor-widget elementor-widget-text-editor\" data-id=\"779a4f09\" data-element_type=\"widget\" data-e-type=\"widget\" data-widget_type=\"text-editor.default\">\n\t\t\t\t\t\t\t\t\t<p>El curs de Carretons Elevadors est\u00e0 dirigit a persones que manipulin o tinguin la intenci\u00f3 de treballar amb carretons elevadors.<br data-start=\"676\" data-end=\"679\" \/>\u00c9s una formaci\u00f3 te\u00f2rica i pr\u00e0ctica en compliment de la <strong data-start=\"736\" data-end=\"784\">Llei de Prevenci\u00f3 de Riscos Laborals (31\/95)<\/strong>.<\/p>\t\t\t\t\t\t\t\t<\/div>\n\t\t\t\t<div class=\"elementor-element elementor-element-6c5826fd elementor-widget elementor-widget-heading\" data-id=\"6c5826fd\" data-element_type=\"widget\" data-e-type=\"widget\" data-widget_type=\"heading.default\">\n\t\t\t\t\t<h3 class=\"elementor-heading-title elementor-size-default\">Informaci\u00f3 Sobre El Curs<\/h3>\t\t\t\t<\/div>\n\t\t\t\t<div class=\"elementor-element elementor-element-4e10eaeb elementor-widget elementor-widget-text-editor\" data-id=\"4e10eaeb\" data-element_type=\"widget\" data-e-type=\"widget\" data-widget_type=\"text-editor.default\">\n\t\t\t\t\t\t\t\t\t<h2><b>Programa i durada<\/b><\/h2><ul><li data-start=\"1225\" data-end=\"1243\"><p data-start=\"1227\" data-end=\"1243\"><strong data-start=\"1227\" data-end=\"1237\">Te\u00f2rica<\/strong>: 4h<\/p><\/li><li data-start=\"1244\" data-end=\"1264\"><p data-start=\"1246\" data-end=\"1264\"><strong data-start=\"1246\" data-end=\"1258\">Pr\u00e0ctica<\/strong>: 4h<\/p><\/li><\/ul><h2><strong>Material incl\u00f2s<\/strong><\/h2><ul><li data-start=\"1345\" data-end=\"1415\"><p data-start=\"1347\" data-end=\"1415\">Manual oficial \u201cOperador de Carretons Elevadors\u201d (material propi).<\/p><\/li><li data-start=\"1416\" data-end=\"1461\"><p data-start=\"1418\" data-end=\"1461\">Aules equipades amb pissarra i projector.<\/p><\/li><li data-start=\"1462\" data-end=\"1500\"><p data-start=\"1464\" data-end=\"1500\">Simulacres pr\u00e0ctics amb carretons.<\/p><\/li><\/ul><h2><strong>Com funciona (pas a pas)<\/strong><\/h2><ol><li data-start=\"1545\" data-end=\"1580\"><p data-start=\"1548\" data-end=\"1580\">Inscripci\u00f3 i reserva de pla\u00e7a.<\/p><\/li><li data-start=\"1581\" data-end=\"1613\"><p data-start=\"1584\" data-end=\"1613\">Classes te\u00f2riques a l\u2019aula.<\/p><\/li><li data-start=\"1614\" data-end=\"1650\"><p data-start=\"1617\" data-end=\"1650\">Pr\u00e0ctiques reals amb carretons.<\/p><\/li><li data-start=\"1651\" data-end=\"1712\"><p data-start=\"1654\" data-end=\"1712\">Certificat oficial en compliment de la normativa vigent.<\/p><\/li><\/ol><h1><strong>FAQ (preguntes freq\u00fcents)<\/strong><\/h1>\t\t\t\t\t\t\t\t<\/div>\n\t\t\t\t<div class=\"elementor-element elementor-element-39b1a36b elementor-widget elementor-widget-drivschol-faq\" data-id=\"39b1a36b\" data-element_type=\"widget\" data-e-type=\"widget\" data-widget_type=\"drivschol-faq.default\">\n\t\t\t\t<div class=\"elementor-widget-container\">\n\t\t\t\t\t\r\n    <div class=\"service-details__single wow fadeInUp\" data-wow-delay='300ms'>\r\n        <div class=\"faq-page__accordion drivschol-accrodion\" data-grp-name=\"drivschol-accrodion\">\r\n                            <div class=\"accrodion \">\r\n                    <div class=\"accrodion-title\">\r\n                        <h4 class=\"accrodion-title__text\">\r\n                            El certificat t\u00e9 caducitat?<span class=\"accrodion-title__icon\"><\/span>\r\n                        <\/h4>\r\n                    <\/div><!-- \/.accordian-title -->\r\n                    <div class=\"accrodion-content\">\r\n                        <div class=\"inner\">\r\n                            <p class=\"accrodion-content__text\">Dep\u00e8n de l\u2019empresa i del pla de prevenci\u00f3, normalment cal reciclatge cada 5 anys.<\/p>\r\n                        <\/div><!-- \/.accordian-content -->\r\n                    <\/div>\r\n                <\/div><!-- \/.accordian-item -->\r\n                            <div class=\"accrodion active\">\r\n                    <div class=\"accrodion-title\">\r\n                        <h4 class=\"accrodion-title__text\">\r\n                            Necessito experi\u00e8ncia pr\u00e8via?<span class=\"accrodion-title__icon\"><\/span>\r\n                        <\/h4>\r\n                    <\/div><!-- \/.accordian-title -->\r\n                    <div class=\"accrodion-content\">\r\n                        <div class=\"inner\">\r\n                            <p class=\"accrodion-content__text\">No, es comen\u00e7a des de zero.<\/p>\r\n                        <\/div><!-- \/.accordian-content -->\r\n                    <\/div>\r\n                <\/div><!-- \/.accordian-item -->\r\n                            <div class=\"accrodion \">\r\n                    <div class=\"accrodion-title\">\r\n                        <h4 class=\"accrodion-title__text\">\r\n                            El curs \u00e9s pr\u00e0ctic?<span class=\"accrodion-title__icon\"><\/span>\r\n                        <\/h4>\r\n                    <\/div><!-- \/.accordian-title -->\r\n                    <div class=\"accrodion-content\">\r\n                        <div class=\"inner\">\r\n                            <p class=\"accrodion-content__text\">S\u00ed, 50% teoria i 50% pr\u00e0ctica amb carret\u00f3 real.<\/p>\r\n                        <\/div><!-- \/.accordian-content -->\r\n                    <\/div>\r\n                <\/div><!-- \/.accordian-item -->\r\n                    <\/div>\r\n    <\/div><!-- \/.service-details__single-->\r\n\t\t\t\t<\/div>\n\t\t\t\t<\/div>\n\t\t\t\t<\/div>\n\t\t\t\t\t<\/div>\n\t\t\t\t<\/div>\n\t\t\t\t<\/div>\n\t\t","protected":false},"excerpt":{"rendered":"<p>Carretons Elevadors El curs de Carretons Elevadors est\u00e0 dirigit a persones que manipulin o tinguin la intenci\u00f3 de treballar amb carretons elevadors.\u00c9s una formaci\u00f3 te\u00f2rica i pr\u00e0ctica en compliment de la Llei de Prevenci\u00f3 de Riscos Laborals (31\/95). Informaci\u00f3 Sobre El Curs Programa i durada Te\u00f2rica: 4h Pr\u00e0ctica: 4h Material incl\u00f2s Manual oficial \u201cOperador de [&hellip;]<\/p>\n","protected":false},"author":7,"featured_media":0,"parent":4705,"menu_order":0,"comment_status":"closed","ping_status":"closed","template":"elementor_header_footer","meta":{"footnotes":""},"class_list":["post-5205","page","type-page","status-publish","hentry"],"_links":{"self":[{"href":"https:\/\/www.autoescolaolivella.com\/index.php\/wp-json\/wp\/v2\/pages\/5205","targetHints":{"allow":["GET"]}}],"collection":[{"href":"https:\/\/www.autoescolaolivella.com\/index.php\/wp-json\/wp\/v2\/pages"}],"about":[{"href":"https:\/\/www.autoescolaolivella.com\/index.php\/wp-json\/wp\/v2\/types\/page"}],"author":[{"embeddable":true,"href":"https:\/\/www.autoescolaolivella.com\/index.php\/wp-json\/wp\/v2\/users\/7"}],"replies":[{"embeddable":true,"href":"https:\/\/www.autoescolaolivella.com\/index.php\/wp-json\/wp\/v2\/comments?post=5205"}],"version-history":[{"count":11,"href":"https:\/\/www.autoescolaolivella.com\/index.php\/wp-json\/wp\/v2\/pages\/5205\/revisions"}],"predecessor-version":[{"id":5524,"href":"https:\/\/www.autoescolaolivella.com\/index.php\/wp-json\/wp\/v2\/pages\/5205\/revisions\/5524"}],"up":[{"embeddable":true,"href":"https:\/\/www.autoescolaolivella.com\/index.php\/wp-json\/wp\/v2\/pages\/4705"}],"wp:attachment":[{"href":"https:\/\/www.autoescolaolivella.com\/index.php\/wp-json\/wp\/v2\/media?parent=5205"}],"curies":[{"name":"wp","href":"https:\/\/api.w.org\/{rel}","templated":true}]}}